{"id":665,"date":"2022-12-22T21:03:30","date_gmt":"2022-12-22T21:03:30","guid":{"rendered":"https:\/\/www.sslwrp.goleniow.net.pl\/?page_id=665"},"modified":"2025-07-24T19:19:37","modified_gmt":"2025-07-24T19:19:37","slug":"polski-lotnik-kosmonauta-gen-bryg-pil-miroslaw-hermaszewski","status":"publish","type":"page","link":"https:\/\/www.sslwrp.goleniow.net.pl\/?page_id=665","title":{"rendered":"Pierwszy Polski lotnik kosmonauta gen. bryg. pil. Miros\u0142aw HERMASZEWSKI"},"content":{"rendered":"<div class=\"wp-block-image\">\n<figure class=\"aligncenter size-full\"><img loading=\"lazy\" decoding=\"async\" width=\"270\" height=\"350\" src=\"https:\/\/www.sslwrp.goleniow.net.pl\/wp-content\/uploads\/2022\/12\/Hermaszewski.jpg\" alt=\"\" class=\"wp-image-661\" srcset=\"https:\/\/www.sslwrp.goleniow.net.pl\/wp-content\/uploads\/2022\/12\/Hermaszewski.jpg 270w, https:\/\/www.sslwrp.goleniow.net.pl\/wp-content\/uploads\/2022\/12\/Hermaszewski-231x300.jpg 231w\" sizes=\"auto, (max-width: 270px) 100vw, 270px\" \/><\/figure>\n<\/div>\n\n\n<p>Ten zas\u0142u\u017cony genera\u0142 Lotnictwa Polskiego, patriota, pierwszy i jedyny Polski lotnik kosmonauta, urodzi\u0142 si\u0119 15 wrze\u015bnia 1941 r. w Lipnikach, w powiecie kostopolskim na Wo\u0142yniu. By\u0142 synem Romana i Kamili z domu Bielawskiej. Mia\u0142 liczne rodze\u0144stwo 4 siostry: Alin\u0119 (1927-2008), Sabin\u0119 (1930), Ann\u0119 (1931) i Teres\u0119 (1934) oraz dw\u00f3ch braci: W\u0142adys\u0142awa (1928-2002) genera\u0142a Lotnictwa Polskiego i Bogus\u0142awa (1938).Jako niemowl\u0119 unikn\u0105\u0142 \u015bmierci z r\u0105k UPA w marcu 1943 r. Podczas rzezi wo\u0142y\u0144skiej straci\u0142 \u0142\u0105cznie a\u017c 19 cz\u0142onk\u00f3w swojej rodziny, w tym ojca. Po wojnie w czerwcu 1945 r. w ramach tzw. Repatriacji jego rodzina zosta\u0142a przesiedlona do Wo\u0142owa na Dolnym \u015al\u0105sku. Tam rozpocz\u0105\u0142 nauk\u0119. Uko\u0144czy\u0142 Szko\u0142\u0119 Podstawow\u0105 i Liceum Og\u00f3lnokszta\u0142c\u0105ce im. Miko\u0142aja Kopernika.Przez kr\u00f3tki okres swojego m\u0142odzie\u0144czego \u017cycia mieszka\u0142 w Krajence. Od najm\u0142odszych lat przejawia\u0142 zainteresowania lotnictwem.Od 1960 r. dzia\u0142a\u0142 w&nbsp;<a href=\"https:\/\/pl.wikipedia.org\/wiki\/Aeroklub_Wroc%C5%82awski\">Aeroklubie Wroc\u0142awskim<\/a>. W okresie od 1&nbsp;lipca do 15 pa\u017adziernika 1961 r. uczestniczy\u0142 w turnusie lotniczego przysposobienia wojskowego.W\u00f3wczas podwy\u017cszy\u0142 kwalifikacje pilota szybowcowego, kt\u00f3re zdoby\u0142 w macierzystym aeroklubie i 6 sierpnia 1961 uko\u0144czy\u0142 kurs akrobacji szybowcowej. Nast\u0119pnie rozpocz\u0105\u0142 nauk\u0119 latania na samolotach typu&nbsp;<a href=\"https:\/\/pl.wikipedia.org\/wiki\/CSS-13\">CSS-13<\/a>.13 listopada 1961 r. z licencj\u0105 pilota szybowcowego i uprawnieniami pilota samolotowego wst\u0105pi\u0142do&nbsp;OSL&nbsp;w&nbsp;<a href=\"https:\/\/pl.wikipedia.org\/wiki\/D%C4%99blin\">D\u0119blinie<\/a>, gdzie opanowa\u0142 pilota\u017c samolotu&nbsp;<a href=\"https:\/\/pl.wikipedia.org\/wiki\/PZL_TS-8_Bies\">TS-8 Bies<\/a>&nbsp;i uzyska\u0142 kwalifikacje pilota my\u015bliwskiego 3 klasy na samolocie odrzutowym&nbsp;<a href=\"https:\/\/pl.wikipedia.org\/wiki\/MiG-15\">MiG-15<\/a>. \u201eSzko\u0142\u0119 Orl\u0105t\u201d uko\u0144czy\u0142 22 marca 1964 r. jako prymus, w stopniu&nbsp;<a href=\"https:\/\/pl.wikipedia.org\/wiki\/Podporucznik\">podporucznika<\/a> i otrzyma\u0142 przydzia\u0142 do&nbsp;62.plm OPK&nbsp;w&nbsp;<a href=\"https:\/\/pl.wikipedia.org\/wiki\/Pozna%C5%84\">Poznaniu<\/a> &#8211; Krzesinach, na stanowisko pilota. 26 wrze\u015bnia 1968 r. zosta\u0142 dow\u00f3dc\u0105 klucza lotniczego.Po dw\u00f3ch latach szkolenia na lotnisku w Poznaniu &#8211; Krzesinach uzyska\u0142 uprawnienia pilota 1 klasy i zosta\u0142 przeszkolony w pilota\u017cu my\u015bliwskich samolot\u00f3w nadd\u017awi\u0119kowych&nbsp;<a href=\"https:\/\/pl.wikipedia.org\/wiki\/MiG-21\">MiG-21<\/a>.<\/p>\n\n\n\n<p>Za osi\u0105gni\u0119cia w s\u0142u\u017cbie zosta\u0142 w 1968 r. wyr\u00f3\u017cniony skierowaniem na studia stacjonarne do&nbsp;<a href=\"https:\/\/pl.wikipedia.org\/wiki\/Akademia_Sztabu_Generalnego\">Akademii Sztabu Generalnego<\/a> WP&nbsp;w&nbsp;<a href=\"https:\/\/pl.wikipedia.org\/wiki\/Warszawa\">Warszawie<\/a> &#8211; Rembertowie. Uko\u0144czy\u0142 j\u0105 w 1971 r. Po studiach powr\u00f3ci\u0142 do 62. plm OPK na stanowisko nawigatora eskadry. 2 stycznia 1972 r. &nbsp;zosta\u0142 dow\u00f3dc\u0105 eskadry lotniczej w 28. plm OPK w S\u0142upsku. 2 stycznia 1973 r. zosta\u0142 zast\u0119pc\u0105 dow\u00f3dcy 34. plm OPK ds. liniowych w Babich Do\u0142ach, a od 10 czerwca 1974 r. te same obowi\u0105zki pe\u0142ni\u0142 w 11. plm OPK we Wroc\u0142awiu. Od 9 kwietnia do 30 listopada 1976 r. by\u0142 dow\u00f3dc\u0105 11. plmOPK&nbsp;i z tego stanowiska trafi\u0142 do grupy kandydat\u00f3w na kosmonaut\u00f3w.<\/p>\n\n\n\n<p>W czerwcu 1978 roku wzi\u0105\u0142 udzia\u0142 w&nbsp;misji Sojuz 30-Salut 6, podczas kt\u00f3rej&nbsp;sp\u0119dzi\u0142 w&nbsp;przestrzeni kosmicznej 190 godzin 3 minuty 4 sekundy. W czasie o\u015bmiodniowej misji dokonano 126 okr\u0105\u017ce\u0144 Ziemi i zosta\u0142o ustanowionych kilka rekord\u00f3w Polski zatwierdzonych przez FAI: m.in.: wysoko\u015b\u0107 \u2013 363 km, pr\u0119dko\u015b\u0107 lotu \u2013 28 tys. km\/h, czas trwania lotu \u2013 190 godzin, 3 minuty i 4 sekundy, przebyty dystans \u2013 5 273 257 km i inne.<\/p>\n\n\n\n<p>16 grudnia1978 r. zosta\u0142 starszym specjalist\u0105 Zarz\u0105du I Operacyjnego Sztabu Generalnego WP. W ramach praktyki od15 lutego do 10 lipca 1980 r. pe\u0142ni\u0142 obowi\u0105zki zast\u0119pcy dow\u00f3dcy 2. KOPK ds. liniowych w Bydgoszczy. Od 11 lipca 1980 r. do 17 wrze\u015bnia 1982 r. studiowa\u0142 w Akademii Sztabu Generalnego Si\u0142 Zbrojnych ZSRR. Po studiach od 18 wrze\u015bnia 1982 r. by\u0142 starszym Inspektorem Oddzia\u0142u Szkolenia Lotniczego Szefostwa Wojsk Lotniczych w Dow\u00f3dztwie WOPK w Warszawie, a od 4 maja 1983 r. zast\u0119pc\u0105 dow\u00f3dcy 1. KOPK ds. liniowych w Warszawie. 21 listopada 1984 r. zosta\u0142 zast\u0119pc\u0105 komendanta WOSL ds. szkolenia w D\u0119blinie, a 4 lipca 1987 r. komendantem tej uczelni. Obowi\u0105zki komendanta pe\u0142ni\u0142 do 23 grudnia 1989 r. 12 pa\u017adziernika 1988 r. zosta\u0142 awansowany do stopnia genera\u0142a brygady. W okresie od 24 grudnia1989 r. do 12 czerwca 1990 r. pe\u0142ni\u0142 obowi\u0105zki zast\u0119pcy szefa G\u0142\u00f3wnego Zarz\u0105du Wychowawczego WP. Od 13 czerwca 1990 r. do 27 stycznia1992 r. by\u0142 zast\u0119pc\u0105 dow\u00f3dcy WLOP ds. liniowych, a nast\u0119pnie zosta\u0142 przeniesiony do dyspozycji ministra obrony narodowej.Od 1 lutego 1993 r. do 4 lipca 1995 r. by\u0142 szefem Bezpiecze\u0144stwa Lot\u00f3w w Dow\u00f3dztwie WLOP. Nast\u0119pnie kolejno pe\u0142ni\u0142 obowi\u0105zki: od 5 lipca 1995 r.&nbsp; \u2013 Inspektora Sztabu Generalnego WP, ds. lotnictwa, od 9 grudnia 1996 r. \u2013 doradcy w Gabinecie MON, od 15 grudnia 1997 r. \u2013 g\u0142\u00f3wnego inspektora w Zespole G\u0142\u00f3wnych Inspektor\u00f3w MON. Od 29 marca 1999 r. zosta\u0142 przeniesiony do dyspozycji MON. W czasie swojej s\u0142u\u017cby wykonywa\u0142 loty na r\u00f3\u017cnych typach szybowc\u00f3w i samolot\u00f3w, a przede wszystkim na samolotach:&nbsp;<a href=\"https:\/\/pl.wikipedia.org\/wiki\/MiG-15\">MiG-15<\/a>,&nbsp;<a href=\"https:\/\/pl.wikipedia.org\/wiki\/MiG-17\">MiG-17<\/a>&nbsp;i&nbsp;<a href=\"https:\/\/pl.wikipedia.org\/wiki\/MiG-21\">MiG-21<\/a>&nbsp;oraz na <a href=\"https:\/\/pl.wikipedia.org\/wiki\/PZL_TS-11_Iskra\">TS-11 \u201eIskra\u201d<\/a>&nbsp;i&nbsp;<a href=\"https:\/\/pl.wikipedia.org\/wiki\/PZL-130_Orlik\">PZL-130 \u201eOrlik\u201d<\/a>. Wykonywa\u0142 tak\u017ce loty zapoznawcze na samolotach bojowych innych pa\u0144stw m.in. na:&nbsp;<a href=\"https:\/\/pl.wikipedia.org\/wiki\/General_Dynamics_F-16_Fighting_Falcon\">F-16<\/a>,&nbsp;<a href=\"https:\/\/pl.wikipedia.org\/wiki\/McDonnell_Douglas_F\/A-18_Hornet\">F-18<\/a>,&nbsp;<a href=\"https:\/\/pl.wikipedia.org\/wiki\/Dassault_Mirage_2000\">Mirage 2000-5<\/a>,&nbsp;<a href=\"https:\/\/pl.wikipedia.org\/wiki\/Su-27\">Su-27<\/a>.<\/p>\n\n\n\n<p>Lot po\u017cegnalny wykona\u0142 5 pa\u017adziernika 2005 roku na pok\u0142adzie my\u015bliwca&nbsp;<a href=\"https:\/\/pl.wikipedia.org\/wiki\/MiG-29\">MiG-29<\/a>UB, w 23. Bazie Lotniczej w Mi\u0144sku Mazowieckim. By\u0142 pilotem wojskowym klasy mistrzowskiej, legitymuj\u0105cym si\u0119 nalotem og\u00f3lnym 2047 godzin i 47 minut.Wykona\u0142 3473 starty i l\u0105dowania oraz 10&nbsp;treningowych skok\u00f3w spadochronowych.<\/p>\n\n\n\n<p>&nbsp;Opublikowa\u0142 swoje wspomnienia w ksi\u0105\u017cce \u201eCi\u0119\u017car niewa\u017cko\u015bci\u201d. Dba\u0142 o utrzymanie wysokiego poziomu szkolenia i bezpiecze\u0144stwa realizowanych zada\u0144.By\u0142 ceniony i powszechnie podziwiany. Wyszkoli\u0142 dziesi\u0105tki pilot\u00f3w wojskowych oraz wyedukowa\u0142 setki oficer\u00f3w lotnictwa. Wy\u015bmienity pilot i zas\u0142u\u017cony dla lotnictwa nauczyciel.By\u0142 ikon\u0105 Lotnictwa Polskiego. By\u0142 aktywnym spo\u0142ecznikiem uczestnicz\u0105cym w dzia\u0142alno\u015bci Stowarzysze\u0144 maj\u0105cych na celu podtrzymanie tradycji narodowych, w tym ochron\u0119 godno\u015bci i honoru \u017co\u0142nierza polskiego i integracj\u0119 \u015brodowisk by\u0142ych \u017co\u0142nierzy lotnictwa wojskowego Si\u0142 Zbrojnych RP.<\/p>\n\n\n\n<p>W latach 1983\u20131989 by\u0142 prezesem&nbsp;<a href=\"https:\/\/pl.wikipedia.org\/wiki\/Polskie_Towarzystwo_Astronautyczne\">Polskiego Towarzystwa Astronautycznego<\/a>, w latach 1998\u20132000 przewodnicz\u0105cy Krajowej Rady Lotnictwa. By\u0142 cz\u0142onkiem Komitetu Wykonawczego Stowarzyszenia Kosmonaut\u00f3w i Astronaut\u00f3w \u015awiata, cz\u0142onkiem Kapitu\u0142y medalu Akademii Polskiego Sukcesu. Od 1979 roku by\u0142 cz\u0142onkiem Komitetu Bada\u0144 Kosmicznych i Satelitarnych&nbsp;<a href=\"https:\/\/pl.wikipedia.org\/wiki\/Polska_Akademia_Nauk\">Polskiej Akademii Nauk<\/a>. By\u0142 tak\u017ce za\u0142o\u017cycielem i aktywnym cz\u0142onkiem Mi\u0119dzynarodowego Stowarzyszenia Uczestnik\u00f3w Lot\u00f3w Kosmicznych. W latach 2002\u20132005 by\u0142 radnym&nbsp;<a href=\"https:\/\/pl.wikipedia.org\/wiki\/Sejmik_Wojew%C3%B3dztwa_Mazowieckiego\">sejmiku wojew\u00f3dztwa mazowieckiego<\/a>. Od 11 pa\u017adziernika 2016 r. by\u0142 aktywnym cz\u0142onkiem Komitetu Budowy Pomnika \u201eChwa\u0142a Lotnikom Polskim\u201d, kt\u00f3ry wybudowa\u0142 Pomnik, na Cmentarzu Wojskowym, na Pow\u0105zkach w Warszawie, a ods\u0142oni\u0119cia dokona\u0142 Prezydent RP &#8211; Andrzej Duda, MON &#8211; Mariusz B\u0142aszczak i Seniorzy Lotnictwa Polskiego, 28 sierpnia 2018 r. z okazji 100-lecia Lotnictwa Polskiego, 100-lecia odzyskania przez Polsk\u0119 niepodleg\u0142o\u015bci i 115-lecia lotnictwa \u015bwiatowego. By\u0142 cz\u0142onkiem Klubu Genera\u0142\u00f3w i Admira\u0142\u00f3w RP w Warszawie i honorowym cz\u0142onkiem Klubu Lotnik\u00f3w \u201eLoteczka\u201d we Wroc\u0142awiu. By\u0142 tak\u017ce wspania\u0142ym i etycznym my\u015bliwym. W dniu 1 stycznia 1973 roku wst\u0105pi\u0142 do Polskiego Zwi\u0105zku \u0141owieckiego \u2013 do WK\u0141 nr 291 \u201eWilk\u201d, powsta\u0142ego przy10. DLM OPL w S\u0142upsku. Od 1976roku by\u0142 selekcjonerem. Mieszka\u0142 w podwarszawskiej miejscowo\u015bci Em\u00f3w w gminie Wi\u0105zowna. Mia\u0142 \u017con\u0119 Emili\u0119 (1947) z domu \u0141azar, syna Miros\u0142awa Romana &nbsp;(1966) absolwenta WSOSP i c\u00f3rk\u0119 Emili\u0119 Czarneck\u0105 (1974).<\/p>\n\n\n\n<p>By\u0142 odznaczony: Krzy\u017cem Komandorskim&nbsp;<a href=\"https:\/\/pl.wikipedia.org\/wiki\/Order_Odrodzenia_Polski\">Orderu Odrodzenia Polski<\/a>&nbsp;(2003), <a href=\"https:\/\/pl.wikipedia.org\/wiki\/Order_Krzy%C5%BCa_Grunwaldu\">Orderem Krzy\u017ca Grunwaldu<\/a>&nbsp;I Klasy (1978), Z\u0142otym Krzy\u017cem Zas\u0142ugi (1976), Z\u0142otym, Srebrnym i Br\u0105zowym&nbsp;<a href=\"https:\/\/pl.wikipedia.org\/wiki\/Medal_%E2%80%9ESi%C5%82y_Zbrojne_w_S%C5%82u%C5%BCbie_Ojczyzny%E2%80%9D\">Medalem \u201eSi\u0142y Zbrojne w S\u0142u\u017cbie Ojczyzny\u201d<\/a>, Z\u0142otym, Srebrnym i Br\u0105zowym&nbsp;<a href=\"https:\/\/pl.wikipedia.org\/wiki\/Medal_%E2%80%9EZa_zas%C5%82ugi_dla_obronno%C5%9Bci_kraju%E2%80%9D\">Medalem \u201eZa Zas\u0142ugi dla Obronno\u015bci Kraju\u201d<\/a>, Tytu\u0142em Honorowym i Odznak\u0105 \u201e<a href=\"https:\/\/pl.wikipedia.org\/wiki\/Odznaka_tytu%C5%82u_honorowego_%E2%80%9ELotnik_Kosmonauta_Polskiej_Rzeczypospolitej_Ludowej%E2%80%9D\">Lotnik Kosmonauta PRL<\/a>\u201d (1978), Tytu\u0142em Honorowym i Odznak\u0105 \u201e\u201dZas\u0142u\u017cony Pilot Wojskowy\u201d (1978), Wpisem do<a href=\"https:\/\/pl.wikipedia.org\/wiki\/Honorowa_Ksi%C4%99ga_Czyn%C3%B3w_%C5%BBo%C5%82nierskich\">\u201eHonorowej Ksi\u0119gi Czyn\u00f3w \u017bo\u0142nierskich\u201d<\/a>&nbsp;(1978), <a href=\"https:\/\/pl.wikipedia.org\/wiki\/Odznaka_Honorowa_Zas%C5%82u%C5%BCony_dla_Wojew%C3%B3dztwa_Dolno%C5%9Bl%C4%85skiego\">Odznak\u0105 Honorow\u0105 Z\u0142ot\u0105 Zas\u0142u\u017cony dla Wojew\u00f3dztwa Dolno\u015bl\u0105skiego<\/a> (2013), Z\u0142ot\u0105 Gwiazd\u0105 Bohatera ZSRR (1978), Orderem Lenina (1978), <a href=\"https:\/\/pl.wikipedia.org\/wiki\/Medal_%E2%80%9EZa_zas%C5%82ugi_w_podboju_kosmosu%E2%80%9D\">Medalem \u201eZa Zas\u0142ugi w Podboju Kosmosu\u201d<\/a>&nbsp;(2011), Medalem \u201eChwa\u0142a Lotnikom Polskim\u201d (2018), Medalem \u201eMilito Pro Christo\u201d (2019). By\u0142 Honorowym Obywatelem Radomia (1978), Fromborka (1983), Wo\u0142owa (2011) i Sieradza (1984).<\/p>\n\n\n\n<p>Zmar\u0142 w dniu 12 grudnia 2022 roku, w Szpitalu Biela\u0144skim, w Warszawie i 21 grudnia 2022 r. zosta\u0142 pochowany na Cmentarzu Wojskowym, na Pow\u0105zkach w Warszawie, przy ul. Pow\u0105zkowskiej 43\/45, w pobli\u017cy Pomnika \u201eChwa\u0142a Lotnikom Polskim\u201d. Pogrzeb mia\u0142 uroczysty, pa\u0144stwowy charakter, zgodnie z ceremonia\u0142em wojskowym.Wceremonii po\u017cegnalnej uczestniczy\u0142a Rodzina zmar\u0142ego, kierownicza kadra Si\u0142 Zbrojnych RP, Si\u0142 Powietrznych RP oraz delegacje jednostek wojskowych, delegacje samorz\u0105d\u00f3w i administracji lokalnej, organizacji spo\u0142ecznych, Stowarzyszenia Senior\u00f3w Lotnictwa Wojskowego RP, Stowarzyszenia Lotnik\u00f3w Polskich, Warszawskiego Klubu Senior\u00f3w Lotnictwa, Klubu Genera\u0142\u00f3w i Admira\u0142\u00f3w RP, Zwi\u0105zku \u017bo\u0142nierzy WP, Malborskiego Stowarzyszenia Lotnik\u00f3w i Polskiego Zwi\u0105zku \u0141owieckiego jak r\u00f3wnie\u017c koledzy, przyjaciele, w\u0119gierski kosmonauta i mieszka\u0144cy&nbsp; regionu.&nbsp;&nbsp;&nbsp;&nbsp;&nbsp;&nbsp;&nbsp;<\/p>\n\n\n\n<p>Nabo\u017ce\u0144stwo po\u017cegnalne w Katedrze Polowej WP, w Warszawie, celebrowa\u0142 biskup polowy WP, ekscelencja ks. bp drWies\u0142aw Lechowicz.\u017ba\u0142obn\u0105 opraw\u0119 muzyczn\u0105 w czasie pogrzebu zabezpiecza\u0142 Centralny Zesp\u00f3\u0142 Artystyczny WP z Warszawy i Zesp\u00f3\u0142 Sygnalist\u00f3w \u201eChmara\u201d z K\u0141 \u201eJele\u0144\u201d z O\u017carowa Mazowieckiego,a asyst\u0119 honorow\u0105 zgodnie z ceremonia\u0142em wojskowym zabezpiecza\u0142 Pu\u0142k ReprezentacyjnyWP z Warszawy.<a><\/a><\/p>\n\n\n\n<p>Po nabo\u017ce\u0144stwie, w Katedrze Polowej WP,zosta\u0142 odczytany list po\u017cegnalny Premiera RP, Mateusza Morawieckiego oraz po\u017cegnali Go: gen. bryg. pil. Roman Harmoza \u2013 prezes Oddzia\u0142u Warszawsko-Mazowieckiego Stowarzyszenia Senior\u00f3w Lotnictwa Wojskowego RP i cz\u0142onek Klubu Genera\u0142\u00f3w i Admira\u0142\u00f3w RP, gen bryg. dr in\u017c. pil. Krzysztof Cur \u2013 rektor\u2013komendant LAW z D\u0119blina, prof. dr hab. Janusz Zieli\u0144ski \u2013 z Komitetu Bada\u0144 Kosmicznych PAN i mecenas dr \u0141ukasz Urba\u0144ski \u2013 by\u0142y \u0142owczy OZ PZ\u0141 z Warszawy. W imieniu Rodziny wszystkim uczestnikom pogrzebu podzi\u0119kowa\u0142, zi\u0119\u0107 Genera\u0142a, europose\u0142 RP -mgr Ryszard Czarnecki. W ceremonii po\u017cegnalnej uczestniczy\u0142o tak\u017ce 11 poczt\u00f3w sztandarowych z: Pu\u0142ku Reprezentacyjnego WP, Oddzia\u0142u Warszawsko-Mazowieckiego Stowarzyszenia Senior\u00f3w Lotnictwa Wojskowego RP, Oddzia\u0142u D\u0119bli\u0144skiego Stowarzyszenia Senior\u00f3w Lotnictwa Wojskowego RP, Aeroklubu Warszawskiego,&nbsp; Stowarzyszenia \u201ePromocja-77 WOSL\u201d, Okr\u0119gowego Zarz\u0105du PZ\u0141 ze S\u0142upska, WK\u0141 nr 291 \u201eWilk\u201d ze S\u0142upska, K\u0141 nr 7 \u201eB\u00f3br\u201d z Kowala, Liceum Og\u00f3lnokszta\u0142c\u0105cego im. Miko\u0142aja Kopernika z Wo\u0142owa i Bractwa Kurkowego Rzeczypospolitej. Nad grobem tradycyjnie przelecia\u0142y, w ge\u015bcie po\u017cegnalnym, 4 samoloty F-16 z 31. BLT z Poznania &#8211; Krzesin.<\/p>\n\n\n<div class=\"wp-block-image\">\n<figure class=\"aligncenter size-full\"><img loading=\"lazy\" decoding=\"async\" width=\"1000\" height=\"700\" src=\"https:\/\/www.sslwrp.goleniow.net.pl\/wp-content\/uploads\/2023\/01\/asysta.png\" alt=\"\" class=\"wp-image-677\" srcset=\"https:\/\/www.sslwrp.goleniow.net.pl\/wp-content\/uploads\/2023\/01\/asysta.png 1000w, https:\/\/www.sslwrp.goleniow.net.pl\/wp-content\/uploads\/2023\/01\/asysta-300x210.png 300w, https:\/\/www.sslwrp.goleniow.net.pl\/wp-content\/uploads\/2023\/01\/asysta-768x538.png 768w\" sizes=\"auto, (max-width: 1000px) 100vw, 1000px\" \/><\/figure>\n<\/div>\n\n\n<p>Warszawa, Katedra Polowa WP, 21.12.2022 r. Wart\u0119 honorow\u0105 przy trumnie, gen. bryg. pil. Miros\u0142awa Hermaszewskiego pe\u0142ni\u0105: w pierwszym rz\u0119dzie, od prawej stoj\u0105: gen. dyw. dr pil. Mieczys\u0142aw Walentynowicz, po lewej stronie gen. dyw. in\u017c. nawig. Zbigniew Galec, w drugim rz\u0119dzie stoj\u0105 od prawej gen. bryg. prof. dr in\u017c. Stefan Czmur &#8211; prezes ZG SSLWRP i po lewej stronie stoi gen. broni in\u017c. pil. Lech Majewski &#8211; wiceprezes ZG SSLWRP.<\/p>\n","protected":false},"excerpt":{"rendered":"<p>Ten zas\u0142u\u017cony genera\u0142 Lotnictwa Polskiego, patriota, pierwszy i jedyny Polski lotnik kosmonauta, urodzi\u0142 si\u0119 15 wrze\u015bnia 1941 r. w Lipnikach, w powiecie kostopolskim na Wo\u0142yniu.<\/p>\n","protected":false},"author":1,"featured_media":0,"parent":0,"menu_order":0,"comment_status":"closed","ping_status":"closed","template":"","meta":{"footnotes":""},"class_list":["post-665","page","type-page","status-publish","hentry"],"_links":{"self":[{"href":"https:\/\/www.sslwrp.goleniow.net.pl\/index.php?rest_route=\/wp\/v2\/pages\/665","targetHints":{"allow":["GET"]}}],"collection":[{"href":"https:\/\/www.sslwrp.goleniow.net.pl\/index.php?rest_route=\/wp\/v2\/pages"}],"about":[{"href":"https:\/\/www.sslwrp.goleniow.net.pl\/index.php?rest_route=\/wp\/v2\/types\/page"}],"author":[{"embeddable":true,"href":"https:\/\/www.sslwrp.goleniow.net.pl\/index.php?rest_route=\/wp\/v2\/users\/1"}],"replies":[{"embeddable":true,"href":"https:\/\/www.sslwrp.goleniow.net.pl\/index.php?rest_route=%2Fwp%2Fv2%2Fcomments&post=665"}],"version-history":[{"count":5,"href":"https:\/\/www.sslwrp.goleniow.net.pl\/index.php?rest_route=\/wp\/v2\/pages\/665\/revisions"}],"predecessor-version":[{"id":1970,"href":"https:\/\/www.sslwrp.goleniow.net.pl\/index.php?rest_route=\/wp\/v2\/pages\/665\/revisions\/1970"}],"wp:attachment":[{"href":"https:\/\/www.sslwrp.goleniow.net.pl\/index.php?rest_route=%2Fwp%2Fv2%2Fmedia&parent=665"}],"curies":[{"name":"wp","href":"https:\/\/api.w.org\/{rel}","templated":true}]}}