{"id":526,"date":"2022-11-21T21:33:36","date_gmt":"2022-11-21T21:33:36","guid":{"rendered":"https:\/\/www.sslwrp.goleniow.net.pl\/?page_id=526"},"modified":"2024-03-14T20:08:45","modified_gmt":"2024-03-14T20:08:45","slug":"niebieska-eskadra","status":"publish","type":"page","link":"https:\/\/www.sslwrp.goleniow.net.pl\/?page_id=526","title":{"rendered":"Niebieska Eskadra"},"content":{"rendered":"\n<div style=\"height:100px\" aria-hidden=\"true\" class=\"wp-block-spacer\"><\/div>\n\n\n\n<div class=\"wp-block-columns is-layout-flex wp-container-core-columns-is-layout-9d6595d7 wp-block-columns-is-layout-flex\">\n<div class=\"wp-block-column is-layout-flow wp-block-column-is-layout-flow\" style=\"flex-basis:25%\"><\/div>\n\n\n\n<div class=\"wp-block-column has-background is-layout-flow wp-block-column-is-layout-flow\" style=\"background-color:#0000009c;flex-basis:50%\">\n<pre class=\"wp-block-verse has-background has-medium-font-size\" style=\"background-color:#0000009c\"><\/pre>\n\n\n<div class=\"wp-block-image\">\n<figure class=\"aligncenter size-full\"><img loading=\"lazy\" decoding=\"async\" width=\"104\" height=\"148\" src=\"https:\/\/www.sslwrp.goleniow.net.pl\/wp-content\/uploads\/2022\/11\/emblszarfa.gif\" alt=\"\" class=\"wp-image-606\"\/><\/figure>\n<\/div>\n\n\n<p class=\"has-text-align-center has-black-color has-text-color has-medium-font-size\"><strong><em>W tym miejscu wspominamy koleg\u00f3w,<br>&#8211; cz\u0142onk\u00f3w naszego Oddzia\u0142u &#8211;<br>kt\u00f3rzy odeszli na zawsze.<\/em><\/strong><\/p>\n\n\n<div class=\"wp-block-image\">\n<figure class=\"aligncenter size-full\"><img loading=\"lazy\" decoding=\"async\" width=\"82\" height=\"70\" src=\"https:\/\/www.sslwrp.goleniow.net.pl\/wp-content\/uploads\/2022\/10\/znicz.gif\" alt=\"znicz\" class=\"wp-image-449\"\/><\/figure>\n<\/div><\/div>\n\n\n\n<div class=\"wp-block-column is-layout-flow wp-block-column-is-layout-flow\" style=\"flex-basis:25%\"><\/div>\n<\/div>\n\n\n\n<div style=\"height:100px\" aria-hidden=\"true\" class=\"wp-block-spacer\"><\/div>\n\n\n\n<hr class=\"wp-block-separator has-alpha-channel-opacity\"\/>\n\n\n\n<div class=\"wp-block-columns has-background is-layout-flex wp-container-core-columns-is-layout-9d6595d7 wp-block-columns-is-layout-flex\" style=\"background-color:#0000009c\">\n<div class=\"wp-block-column is-vertically-aligned-center is-layout-flow wp-block-column-is-layout-flow\"><div class=\"wp-block-image\">\n<figure class=\"aligncenter size-full\"><img loading=\"lazy\" decoding=\"async\" width=\"687\" height=\"877\" src=\"https:\/\/www.sslwrp.goleniow.net.pl\/wp-content\/uploads\/2024\/03\/HarMar.png\" alt=\"\" class=\"wp-image-1287\" srcset=\"https:\/\/www.sslwrp.goleniow.net.pl\/wp-content\/uploads\/2024\/03\/HarMar.png 687w, https:\/\/www.sslwrp.goleniow.net.pl\/wp-content\/uploads\/2024\/03\/HarMar-235x300.png 235w\" sizes=\"auto, (max-width: 687px) 100vw, 687px\" \/><\/figure>\n<\/div><\/div>\n\n\n\n<div class=\"wp-block-column is-vertically-aligned-center is-layout-flow wp-block-column-is-layout-flow\"><div class=\"wp-block-image\">\n<figure class=\"aligncenter size-full\"><img loading=\"lazy\" decoding=\"async\" width=\"82\" height=\"70\" src=\"https:\/\/www.sslwrp.goleniow.net.pl\/wp-content\/uploads\/2022\/10\/znicz.gif\" alt=\"znicz\" class=\"wp-image-449\"\/><\/figure>\n<\/div><\/div>\n\n\n\n<div class=\"wp-block-column is-vertically-aligned-center is-layout-flow wp-block-column-is-layout-flow\">\n<figure class=\"wp-block-image size-full\"><img loading=\"lazy\" decoding=\"async\" width=\"600\" height=\"646\" src=\"https:\/\/www.sslwrp.goleniow.net.pl\/wp-content\/uploads\/2024\/03\/tablMarHarb.jpg\" alt=\"\" class=\"wp-image-1309\" srcset=\"https:\/\/www.sslwrp.goleniow.net.pl\/wp-content\/uploads\/2024\/03\/tablMarHarb.jpg 600w, https:\/\/www.sslwrp.goleniow.net.pl\/wp-content\/uploads\/2024\/03\/tablMarHarb-279x300.jpg 279w\" sizes=\"auto, (max-width: 600px) 100vw, 600px\" \/><\/figure>\n<\/div>\n<\/div>\n\n\n\n<figure class=\"wp-block-pullquote has-text-align-center\" style=\"font-style:italic;font-weight:400\"><blockquote><p><strong><em>By\u0142 pilotem wojskowym 1 klasy, legitymuj\u0105cy si\u0119 nalotem og\u00f3lnym 1700 godzin na r\u00f3\u017cnego typu statkach powietrznych. Wykonywa\u0142 loty na samolotach: TS-11 \u201eIskra\u201d, Lim-2, Lim-6bis i MiG-21.&nbsp; By\u0142 odznaczony mi\u0119dzy innymi: Srebrnym Krzy\u017cem Zas\u0142ugi (1988), Srebrnym (1985) i Br\u0105zowym (1980) Medalem \u201eSi\u0142y Zbrojne w S\u0142u\u017cbie Ojczyzny\u201d, Z\u0142otym, Srebrnym i Br\u0105zowym Medalem \u201eZa Zas\u0142ugi dla Obronno\u015bci Kraju\u201d. Mieszka\u0142 w Poznaniu. Pozostawi\u0142 \u017bon\u0119 El\u017cbiet\u0119 i dw\u00f3ch Syn\u00f3w: Kamila i Macieja.<\/em> <\/strong><a href=\"https:\/\/www.sslwrp.goleniow.net.pl\/?page_id=1292\"><strong>Czytaj wi\u0119cej\u2026KLIK<\/strong><\/a><\/p><\/blockquote><\/figure>\n\n\n\n<div style=\"height:100px\" aria-hidden=\"true\" class=\"wp-block-spacer\"><\/div>\n\n\n\n<hr class=\"wp-block-separator has-alpha-channel-opacity\"\/>\n\n\n\n<div class=\"wp-block-columns has-background is-layout-flex wp-container-core-columns-is-layout-9d6595d7 wp-block-columns-is-layout-flex\" style=\"background-color:#0000009c\">\n<div class=\"wp-block-column is-vertically-aligned-center is-layout-flow wp-block-column-is-layout-flow\"><div class=\"wp-block-image\">\n<figure class=\"aligncenter size-full\"><img loading=\"lazy\" decoding=\"async\" width=\"410\" height=\"521\" src=\"https:\/\/www.sslwrp.goleniow.net.pl\/wp-content\/uploads\/2023\/12\/marian-c.jpg\" alt=\"\" class=\"wp-image-1231\" srcset=\"https:\/\/www.sslwrp.goleniow.net.pl\/wp-content\/uploads\/2023\/12\/marian-c.jpg 410w, https:\/\/www.sslwrp.goleniow.net.pl\/wp-content\/uploads\/2023\/12\/marian-c-236x300.jpg 236w\" sizes=\"auto, (max-width: 410px) 100vw, 410px\" \/><\/figure>\n<\/div><\/div>\n\n\n\n<div class=\"wp-block-column is-vertically-aligned-center is-layout-flow wp-block-column-is-layout-flow\"><div class=\"wp-block-image\">\n<figure class=\"aligncenter size-full\"><img loading=\"lazy\" decoding=\"async\" width=\"82\" height=\"70\" src=\"https:\/\/www.sslwrp.goleniow.net.pl\/wp-content\/uploads\/2022\/10\/znicz.gif\" alt=\"znicz\" class=\"wp-image-449\"\/><\/figure>\n<\/div><\/div>\n\n\n\n<div class=\"wp-block-column is-vertically-aligned-center is-layout-flow wp-block-column-is-layout-flow\">\n<figure class=\"wp-block-image size-full\"><img loading=\"lazy\" decoding=\"async\" width=\"600\" height=\"646\" src=\"https:\/\/www.sslwrp.goleniow.net.pl\/wp-content\/uploads\/2024\/01\/marianctablicz.jpg\" alt=\"\" class=\"wp-image-1238\" srcset=\"https:\/\/www.sslwrp.goleniow.net.pl\/wp-content\/uploads\/2024\/01\/marianctablicz.jpg 600w, https:\/\/www.sslwrp.goleniow.net.pl\/wp-content\/uploads\/2024\/01\/marianctablicz-279x300.jpg 279w\" sizes=\"auto, (max-width: 600px) 100vw, 600px\" \/><\/figure>\n<\/div>\n<\/div>\n\n\n\n<figure class=\"wp-block-pullquote alignwide has-text-align-left has-black-color has-text-color has-link-color has-medium-font-size wp-elements-aab939a83d92a15902ec95c91749854d\" style=\"font-style:italic;font-weight:400\"><blockquote><p><strong>Marian Capiga urodzi\u0142 si\u0119 31.05.1944r. w Koluszkach.<br>S\u0142u\u017cb\u0119 wojskow\u0105 rozpocz\u0105\u0142 w roku 1965. Kontynuowa\u0142 zawodow\u0105 s\u0142u\u017cb\u0119 wojskow\u0105 w latach 1967-1987.<br>24 grudnia 2023r. zmar\u0142 nasz Kolega i Przyjaciel, Prezes Zwi\u0105zku Inwalid\u00f3w Wojennych RP, cz\u0142onek SSLW RP st. chor. Marian Capiga.<br>Odszed\u0142 na Wieczn\u0105 Wart\u0119 Cz\u0142owiek pe\u0142en ciep\u0142a i serdeczno\u015bci, zaanga\u017cowany w prac\u0119 na rzecz lokalnej spo\u0142eczno\u015bci oraz integracji \u015brodowisk kombatanckich i senioralnych. Cze\u015b\u0107 Jego Pami\u0119ci!<\/strong><\/p><\/blockquote><\/figure>\n\n\n\n<div style=\"height:100px\" aria-hidden=\"true\" class=\"wp-block-spacer\"><\/div>\n\n\n\n<hr class=\"wp-block-separator has-alpha-channel-opacity\"\/>\n\n\n\n<div class=\"wp-block-columns has-background is-layout-flex wp-container-core-columns-is-layout-9d6595d7 wp-block-columns-is-layout-flex\" style=\"background-color:#0000009c\">\n<div class=\"wp-block-column is-vertically-aligned-center is-layout-flow wp-block-column-is-layout-flow\">\n<figure class=\"wp-block-image size-full\"><img loading=\"lazy\" decoding=\"async\" width=\"478\" height=\"612\" src=\"https:\/\/www.sslwrp.goleniow.net.pl\/wp-content\/uploads\/2023\/11\/Zbigniew_Biedrzycki.jpg\" alt=\"\" class=\"wp-image-1178\" srcset=\"https:\/\/www.sslwrp.goleniow.net.pl\/wp-content\/uploads\/2023\/11\/Zbigniew_Biedrzycki.jpg 478w, https:\/\/www.sslwrp.goleniow.net.pl\/wp-content\/uploads\/2023\/11\/Zbigniew_Biedrzycki-234x300.jpg 234w\" sizes=\"auto, (max-width: 478px) 100vw, 478px\" \/><\/figure>\n<\/div>\n\n\n\n<div class=\"wp-block-column is-vertically-aligned-center is-layout-flow wp-block-column-is-layout-flow\"><div class=\"wp-block-image\">\n<figure class=\"aligncenter size-full\"><img loading=\"lazy\" decoding=\"async\" width=\"82\" height=\"70\" src=\"https:\/\/www.sslwrp.goleniow.net.pl\/wp-content\/uploads\/2022\/10\/znicz.gif\" alt=\"znicz\" class=\"wp-image-449\"\/><\/figure>\n<\/div><\/div>\n\n\n\n<div class=\"wp-block-column is-vertically-aligned-center is-layout-flow wp-block-column-is-layout-flow\">\n<figure class=\"wp-block-image size-full\"><img loading=\"lazy\" decoding=\"async\" width=\"600\" height=\"646\" src=\"https:\/\/www.sslwrp.goleniow.net.pl\/wp-content\/uploads\/2023\/11\/Biedrzycki.jpg\" alt=\"\" class=\"wp-image-1202\" srcset=\"https:\/\/www.sslwrp.goleniow.net.pl\/wp-content\/uploads\/2023\/11\/Biedrzycki.jpg 600w, https:\/\/www.sslwrp.goleniow.net.pl\/wp-content\/uploads\/2023\/11\/Biedrzycki-279x300.jpg 279w\" sizes=\"auto, (max-width: 600px) 100vw, 600px\" \/><\/figure>\n<\/div>\n<\/div>\n\n\n\n<figure class=\"wp-block-pullquote has-text-align-left\" style=\"font-style:italic;font-weight:400\"><blockquote><p><strong><em>Ten wspania\u0142y pilot urodzi\u0142 si\u0119 21 pa\u017adziernika 1932 r. w Skar\u017cysku Kamiennej. Po uko\u0144czeniu Liceum Og\u00f3lnokszta\u0142c\u0105cego w K\u0142odzku, 9 wrze\u015bnia 1952 r. wst\u0105pi\u0142 do Oficerskiej Szko\u0142y Lotniczej Nr 4 w D\u0119blinie. Szlify oficerskie i odznak\u0119 pilota wojskowego otrzyma\u0142 1 kwietnia 1955 r. Zawodow\u0105 s\u0142u\u017cb\u0119 wojskow\u0105 rozpocz\u0105\u0142 w 4. Pu\u0142ku Lotnictwa Szturmowego w Bydgoszczy. Od 6 maja 1957 r. by\u0142 dow\u00f3dc\u0105 klucza w 4. Pu\u0142ku Lotnictwa My\u015bliwskiego \u201eKrak\u00f3w\u201d w Goleniowie. W pu\u0142ku tym, od 3 czerwca 1958 r. by\u0142 nawigatorem eskadry lotniczej, od 5 stycznia 1959 r. zast\u0119pc\u0105 dow\u00f3dcy eskadry lotniczej, od 8 kwietnia 1964 r. dow\u00f3dc\u0105 1. eskadry lotnictwa my\u015bliwskiego (do 5 sierpnia 1966 r.). Od 10 sierpnia 1966 r. by\u0142 szefem strzelania powietrznego pu\u0142ku, a w okresie od 10 pa\u017adziernika 1972 r. do 12 grudnia 1980 r. zast\u0119pc\u0105 dow\u00f3dcy 2. Pu\u0142ku Lotnictwa My\u015bliwskiego \u201eKrak\u00f3w\u201d ds. szkolenia (w 1967 r. 4. plm \u201eKrak\u00f3w\u201d zmieni\u0142 nazw\u0119 na 2. Pu\u0142k Lotnictwa My\u015bliwskiego \u201eKrak\u00f3w\u201d). 14 grudnia 1980 r. zosta\u0142 dow\u00f3dc\u0105 2. Pu\u0142ku Lotnictwa My\u015bliwskiego \u201eKrak\u00f3w\u201d w Goleniowie i pozostawa\u0142 na tym stanowisku do 30 maja 1982 r. <\/em><\/strong><a href=\"https:\/\/www.sslwrp.goleniow.net.pl\/?page_id=1193(otworzy si\u0119 w nowej karcie)\" target=\"_blank\" rel=\"noreferrer noopener\">      Czytaj w<\/a><a href=\"https:\/\/www.sslwrp.goleniow.net.pl\/?page_id=1193(otworzy si\u0119 w nowej karcie)\" target=\"_blank\" rel=\"noreferrer noopener\">i\u0119cej&#8230;<\/a><\/p><\/blockquote><\/figure>\n\n\n\n<div style=\"height:100px\" aria-hidden=\"true\" class=\"wp-block-spacer\"><\/div>\n\n\n\n<hr class=\"wp-block-separator has-alpha-channel-opacity\"\/>\n\n\n\n<div class=\"wp-block-columns has-background is-layout-flex wp-container-core-columns-is-layout-9d6595d7 wp-block-columns-is-layout-flex\" style=\"background-color:#0000009c\">\n<div class=\"wp-block-column is-vertically-aligned-center is-layout-flow wp-block-column-is-layout-flow\">\n<figure class=\"wp-block-image size-full\"><img loading=\"lazy\" decoding=\"async\" width=\"362\" height=\"454\" src=\"https:\/\/www.sslwrp.goleniow.net.pl\/wp-content\/uploads\/2023\/09\/golebiowski.jpg\" alt=\"\" class=\"wp-image-1159\" srcset=\"https:\/\/www.sslwrp.goleniow.net.pl\/wp-content\/uploads\/2023\/09\/golebiowski.jpg 362w, https:\/\/www.sslwrp.goleniow.net.pl\/wp-content\/uploads\/2023\/09\/golebiowski-239x300.jpg 239w\" sizes=\"auto, (max-width: 362px) 100vw, 362px\" \/><\/figure>\n<\/div>\n\n\n\n<div class=\"wp-block-column is-vertically-aligned-center is-layout-flow wp-block-column-is-layout-flow\"><div class=\"wp-block-image\">\n<figure class=\"aligncenter size-full\"><img loading=\"lazy\" decoding=\"async\" width=\"82\" height=\"70\" src=\"https:\/\/www.sslwrp.goleniow.net.pl\/wp-content\/uploads\/2022\/10\/znicz.gif\" alt=\"znicz\" class=\"wp-image-449\"\/><\/figure>\n<\/div><\/div>\n\n\n\n<div class=\"wp-block-column is-vertically-aligned-center is-layout-flow wp-block-column-is-layout-flow\">\n<figure class=\"wp-block-image size-full\"><img loading=\"lazy\" decoding=\"async\" width=\"600\" height=\"646\" src=\"https:\/\/www.sslwrp.goleniow.net.pl\/wp-content\/uploads\/2023\/09\/golembiowski.jpg\" alt=\"\" class=\"wp-image-1158\" srcset=\"https:\/\/www.sslwrp.goleniow.net.pl\/wp-content\/uploads\/2023\/09\/golembiowski.jpg 600w, https:\/\/www.sslwrp.goleniow.net.pl\/wp-content\/uploads\/2023\/09\/golembiowski-279x300.jpg 279w\" sizes=\"auto, (max-width: 600px) 100vw, 600px\" \/><\/figure>\n<\/div>\n<\/div>\n\n\n\n<figure class=\"wp-block-pullquote has-text-align-left\"><blockquote><p><strong><em>Podpu\u0142kownik pilot Jerzy Go\u0142\u0119biowski urodzi\u0142 si\u0119 w miejscowo\u015bci Krakowiec 23.10.1933 roku. Uko\u0144czy\u0142 Oficersk\u0105 Szko\u0142\u0119 Lotnicz\u0105 w 1955r. W JW 3779 Debrzno, s\u0142u\u017cy\u0142 w latach 1955 &#8211; 1974 na stanowiskach od pilota do dow\u00f3dcy eskadry oraz szefa strzelania powietrznego pu\u0142ku.<br>24 sierpnia 1979 roku przeszed\u0142 do rezerwy. Cz\u0142onek SSLW RP od 06.12.2004r.<br>Za swoj\u0105 s\u0142u\u017cb\u0119 otrzyma\u0142 wyr\u00f3\u017cnienia: Krzy\u017c Kawalerski Orderu Odrodzenia Polski, Z\u0142oty i Srebrny Krzy\u017c Zas\u0142ugi, Z\u0142oty Medal &#8222;Si\u0142y Zbrojne w S\u0142u\u017cbie Ojczyzny&#8221;,&nbsp;<br>Srebrny Medal &#8222;Za zas\u0142ugi dla obronno\u015bci kraju&#8221;.<\/em><\/strong><\/p><\/blockquote><\/figure>\n\n\n\n<div style=\"height:100px\" aria-hidden=\"true\" class=\"wp-block-spacer\"><\/div>\n\n\n\n<hr class=\"wp-block-separator has-alpha-channel-opacity\"\/>\n\n\n\n<div class=\"wp-block-columns has-background is-layout-flex wp-container-core-columns-is-layout-9d6595d7 wp-block-columns-is-layout-flex\" style=\"background-color:#0000009c\">\n<div class=\"wp-block-column is-vertically-aligned-center is-layout-flow wp-block-column-is-layout-flow\">\n<figure class=\"wp-block-image size-full\"><img loading=\"lazy\" decoding=\"async\" width=\"225\" height=\"300\" src=\"https:\/\/www.sslwrp.goleniow.net.pl\/wp-content\/uploads\/2022\/10\/Emil-krepa.jpg\" alt=\"\" class=\"wp-image-460\"\/><\/figure>\n<\/div>\n\n\n\n<div class=\"wp-block-column is-vertically-aligned-center is-layout-flow wp-block-column-is-layout-flow\"><div class=\"wp-block-image\">\n<figure class=\"aligncenter size-full\"><img loading=\"lazy\" decoding=\"async\" width=\"82\" height=\"70\" src=\"https:\/\/www.sslwrp.goleniow.net.pl\/wp-content\/uploads\/2022\/10\/znicz.gif\" alt=\"znicz\" class=\"wp-image-449\"\/><\/figure>\n<\/div><\/div>\n\n\n\n<div class=\"wp-block-column is-vertically-aligned-center is-layout-flow wp-block-column-is-layout-flow\">\n<figure class=\"wp-block-image size-full\"><img loading=\"lazy\" decoding=\"async\" width=\"600\" height=\"646\" src=\"https:\/\/www.sslwrp.goleniow.net.pl\/wp-content\/uploads\/2022\/11\/zdzemil-1.jpg\" alt=\"\" class=\"wp-image-581\" srcset=\"https:\/\/www.sslwrp.goleniow.net.pl\/wp-content\/uploads\/2022\/11\/zdzemil-1.jpg 600w, https:\/\/www.sslwrp.goleniow.net.pl\/wp-content\/uploads\/2022\/11\/zdzemil-1-279x300.jpg 279w\" sizes=\"auto, (max-width: 600px) 100vw, 600px\" \/><\/figure>\n<\/div>\n<\/div>\n\n\n\n<div style=\"height:100px\" aria-hidden=\"true\" class=\"wp-block-spacer\"><\/div>\n\n\n\n<hr class=\"wp-block-separator has-alpha-channel-opacity\"\/>\n\n\n\n<div class=\"wp-block-columns has-background is-layout-flex wp-container-core-columns-is-layout-9d6595d7 wp-block-columns-is-layout-flex\" style=\"background-color:#0000009c\">\n<div class=\"wp-block-column is-vertically-aligned-center is-layout-flow wp-block-column-is-layout-flow\">\n<figure class=\"wp-block-image size-full\"><img loading=\"lazy\" decoding=\"async\" width=\"325\" height=\"430\" src=\"https:\/\/www.sslwrp.goleniow.net.pl\/wp-content\/uploads\/2022\/11\/fotopotapczuk.gif\" alt=\"\" class=\"wp-image-591\"\/><\/figure>\n<\/div>\n\n\n\n<div class=\"wp-block-column is-vertically-aligned-center is-layout-flow wp-block-column-is-layout-flow\"><div class=\"wp-block-image\">\n<figure class=\"aligncenter size-full\"><img loading=\"lazy\" decoding=\"async\" width=\"82\" height=\"70\" src=\"https:\/\/www.sslwrp.goleniow.net.pl\/wp-content\/uploads\/2022\/10\/znicz.gif\" alt=\"znicz\" class=\"wp-image-449\"\/><\/figure>\n<\/div><\/div>\n\n\n\n<div class=\"wp-block-column is-vertically-aligned-center is-layout-flow wp-block-column-is-layout-flow\">\n<figure class=\"wp-block-image size-full\"><img loading=\"lazy\" decoding=\"async\" width=\"600\" height=\"646\" src=\"https:\/\/www.sslwrp.goleniow.net.pl\/wp-content\/uploads\/2022\/11\/mieczpotap.jpg\" alt=\"\" class=\"wp-image-594\" srcset=\"https:\/\/www.sslwrp.goleniow.net.pl\/wp-content\/uploads\/2022\/11\/mieczpotap.jpg 600w, https:\/\/www.sslwrp.goleniow.net.pl\/wp-content\/uploads\/2022\/11\/mieczpotap-279x300.jpg 279w\" sizes=\"auto, (max-width: 600px) 100vw, 600px\" \/><\/figure>\n<\/div>\n<\/div>\n\n\n\n<figure class=\"wp-block-pullquote has-text-align-left\"><blockquote><p><strong><em>Mjr Mieczys\u0142aw Potapczuk urodzi\u0142 si\u0119 7 listopada 1924 roku&nbsp; na terenie obecnej Ukrainy. W 1940 roku zosta\u0142 wywieziony w g\u0142\u0105b&nbsp; Zwi\u0105zku Radzieckiego. W 1943 roku zg\u0142osi\u0142 si\u0119 do&nbsp; I_Armii Wojska Polskiego. W kwietniu tego\u017c roku zosta\u0142 skierowany na front. Jego jednostka bra\u0142a udzia\u0142 w walkach pod Siekierkami, Gozdowicami oraz o Berlin. Po zako\u0144czeniu wojny uko\u0144czy\u0142 Techniczn\u0105 Szko\u0142\u0119 Lotnicz\u0105 w Warszawie-Boernerowie. Po uko\u0144czeniu szko\u0142y technicznej zosta\u0142 skierowany do 5 Pu\u0142ku Lotnictwa Szturmowego, nast\u0119pnie do 4 Pu\u0142ku Lotnictwa Szturmowego, poprzednika&nbsp; 2plm &#8222;Krak\u00f3w&#8221;&nbsp; na stanowisko in\u017cyniera uzbrojenia lotniczego. Na tym stanowisku s\u0142u\u017cb\u0119 wojskow\u0105 pe\u0142ni\u0142 do 7 lipca 1975 r<\/em><\/strong><\/p><\/blockquote><\/figure>\n\n\n\n<div style=\"height:100px\" aria-hidden=\"true\" class=\"wp-block-spacer\"><\/div>\n\n\n\n<hr class=\"wp-block-separator has-alpha-channel-opacity\"\/>\n\n\n\n<div class=\"wp-block-columns has-background is-layout-flex wp-container-core-columns-is-layout-9d6595d7 wp-block-columns-is-layout-flex\" style=\"background-color:#0000009c\">\n<div class=\"wp-block-column is-layout-flow wp-block-column-is-layout-flow\"><div class=\"wp-block-image is-style-default\">\n<figure class=\"aligncenter size-full is-resized\"><img loading=\"lazy\" decoding=\"async\" width=\"275\" height=\"400\" src=\"https:\/\/www.sslwrp.goleniow.net.pl\/wp-content\/uploads\/2022\/11\/kazimierz-nowak.gif\" alt=\"\" class=\"wp-image-527\" style=\"width:206px;height:300px\"\/><\/figure>\n<\/div><\/div>\n\n\n\n<div class=\"wp-block-column is-vertically-aligned-center is-layout-flow wp-block-column-is-layout-flow\"><div class=\"wp-block-image\">\n<figure class=\"aligncenter size-full\"><img loading=\"lazy\" decoding=\"async\" width=\"82\" height=\"70\" src=\"https:\/\/www.sslwrp.goleniow.net.pl\/wp-content\/uploads\/2022\/10\/znicz.gif\" alt=\"znicz\" class=\"wp-image-449\"\/><\/figure>\n<\/div><\/div>\n\n\n\n<div class=\"wp-block-column is-vertically-aligned-center is-layout-flow wp-block-column-is-layout-flow\">\n<figure class=\"wp-block-image size-full\"><img loading=\"lazy\" decoding=\"async\" width=\"600\" height=\"646\" src=\"https:\/\/www.sslwrp.goleniow.net.pl\/wp-content\/uploads\/2022\/11\/kaznow.jpg\" alt=\"\" class=\"wp-image-579\" srcset=\"https:\/\/www.sslwrp.goleniow.net.pl\/wp-content\/uploads\/2022\/11\/kaznow.jpg 600w, https:\/\/www.sslwrp.goleniow.net.pl\/wp-content\/uploads\/2022\/11\/kaznow-279x300.jpg 279w\" sizes=\"auto, (max-width: 600px) 100vw, 600px\" \/><\/figure>\n<\/div>\n<\/div>\n\n\n\n<figure class=\"wp-block-pullquote has-text-align-left\"><blockquote><p><strong><em>Mjr Kazimierz Nowak s\u0142u\u017cb\u0119 wojskow\u0105 pe\u0142ni\u0142 od 1948r. do 1980r. w jednostkach lotnictwa na stanowiskach zwi\u0105zanych z uzbrojeniem lotniczym. Zaczyna\u0142 od mechanika,&nbsp;technika&nbsp;uzbrojenia,&nbsp; poprzez kierownika sekcji uzbrojenia. S\u0142u\u017cb\u0119 pe\u0142ni\u0142 mi\u0119dzy innymi w jednostkach lotniczych: Zamo\u015b\u0107, Modlin, Bydgoszcz, Pi\u0142a. W 2 plm &#8222;Krak\u00f3w&#8221; od 1968r. by\u0142 na stanowisku Kierownika sekcji przechowywania amunicji lotniczej do ko\u0144ca s\u0142u\u017cby wojskowej w 1980r.<\/em><\/strong><\/p><\/blockquote><\/figure>\n\n\n\n<div style=\"height:100px\" aria-hidden=\"true\" class=\"wp-block-spacer\"><\/div>\n\n\n\n<hr class=\"wp-block-separator has-alpha-channel-opacity\"\/>\n\n\n\n<div class=\"wp-block-columns has-background is-layout-flex wp-container-core-columns-is-layout-9d6595d7 wp-block-columns-is-layout-flex\" style=\"background-color:#0000009c\">\n<div class=\"wp-block-column is-layout-flow wp-block-column-is-layout-flow\">\n<figure class=\"wp-block-image size-full\"><img loading=\"lazy\" decoding=\"async\" width=\"460\" height=\"544\" src=\"https:\/\/www.sslwrp.goleniow.net.pl\/wp-content\/uploads\/2022\/11\/ZDZ.png\" alt=\"\" class=\"wp-image-598\" srcset=\"https:\/\/www.sslwrp.goleniow.net.pl\/wp-content\/uploads\/2022\/11\/ZDZ.png 460w, https:\/\/www.sslwrp.goleniow.net.pl\/wp-content\/uploads\/2022\/11\/ZDZ-254x300.png 254w\" sizes=\"auto, (max-width: 460px) 100vw, 460px\" \/><\/figure>\n<\/div>\n\n\n\n<div class=\"wp-block-column is-vertically-aligned-center is-layout-flow wp-block-column-is-layout-flow\"><div class=\"wp-block-image\">\n<figure class=\"aligncenter size-full\"><img loading=\"lazy\" decoding=\"async\" width=\"82\" height=\"70\" src=\"https:\/\/www.sslwrp.goleniow.net.pl\/wp-content\/uploads\/2022\/10\/znicz.gif\" alt=\"znicz\" class=\"wp-image-449\"\/><\/figure>\n<\/div><\/div>\n\n\n\n<div class=\"wp-block-column is-layout-flow wp-block-column-is-layout-flow\"><div class=\"wp-block-image\">\n<figure class=\"aligncenter size-full\"><img loading=\"lazy\" decoding=\"async\" width=\"600\" height=\"646\" src=\"https:\/\/www.sslwrp.goleniow.net.pl\/wp-content\/uploads\/2022\/11\/zdzbor.jpg\" alt=\"\" class=\"wp-image-599\" srcset=\"https:\/\/www.sslwrp.goleniow.net.pl\/wp-content\/uploads\/2022\/11\/zdzbor.jpg 600w, https:\/\/www.sslwrp.goleniow.net.pl\/wp-content\/uploads\/2022\/11\/zdzbor-279x300.jpg 279w\" sizes=\"auto, (max-width: 600px) 100vw, 600px\" \/><\/figure>\n<\/div><\/div>\n<\/div>\n\n\n\n<figure class=\"wp-block-pullquote has-text-align-left\"><blockquote><p><strong><em>Mjr lek.<\/em><\/strong> <strong><em>Zdzis\u0142aw Borowiak urodzi\u0142 si\u0119 25.12.1952r. w \u0141odzi. Tam ucz\u0119szcza\u0142 do liceum og\u00f3lnokszta\u0142c\u0105cego. Nast\u0119pnie studiowa\u0142 w Wojskowej Akademii Medycznej w latach 1971-1977. Po promocji rozpocz\u0105\u0142 s\u0142u\u017cb\u0119 w 2 Pu\u0142ku Lotnictwa My\u015bliwskiego &#8222;Krak\u00f3w&#8221; w Goleniowie. W 1993r. po\u017cegna\u0142 si\u0119 ze s\u0142u\u017cb\u0105 wojskow\u0105 ze wzgl\u0119du na stan zdrowia. Rozpocz\u0105\u0142 prac\u0119 w goleniowskim szpitalu jako specjalista lekarz ginekolog. By\u0142 aktywnym dzia\u0142aczem w samorz\u0105dzie miejskim w Goleniowie gdzie pe\u0142ni\u0142 funkcj\u0119 radnego miasta przez dwie kadencje. By\u0142 aktywnym cz\u0142onkiem naszego Oddzia\u0142u SSLW RP w Goleniowie. Od roku 2013 zmaga\u0142 si\u0119 z ci\u0119\u017ck\u0105 chorob\u0105 do momentu gdy spotka\u0142 si\u0119 ze \u015bmierci\u0105 25.11.2019r.<\/em><\/strong><\/p><\/blockquote><\/figure>\n\n\n\n<div style=\"height:100px\" aria-hidden=\"true\" class=\"wp-block-spacer\"><\/div>\n\n\n\n<hr class=\"wp-block-separator has-alpha-channel-opacity\"\/>\n\n\n\n<div class=\"wp-block-columns has-background is-layout-flex wp-container-core-columns-is-layout-9d6595d7 wp-block-columns-is-layout-flex\" style=\"background-color:#0000009c\">\n<div class=\"wp-block-column is-vertically-aligned-center is-layout-flow wp-block-column-is-layout-flow\"><div class=\"wp-block-image\">\n<figure class=\"aligncenter size-full\"><img loading=\"lazy\" decoding=\"async\" width=\"551\" height=\"703\" src=\"https:\/\/www.sslwrp.goleniow.net.pl\/wp-content\/uploads\/2022\/11\/JanKl.jpg\" alt=\"\" class=\"wp-image-602\" srcset=\"https:\/\/www.sslwrp.goleniow.net.pl\/wp-content\/uploads\/2022\/11\/JanKl.jpg 551w, https:\/\/www.sslwrp.goleniow.net.pl\/wp-content\/uploads\/2022\/11\/JanKl-235x300.jpg 235w\" sizes=\"auto, (max-width: 551px) 100vw, 551px\" \/><\/figure>\n<\/div><\/div>\n\n\n\n<div class=\"wp-block-column is-vertically-aligned-center is-layout-flow wp-block-column-is-layout-flow\"><div class=\"wp-block-image\">\n<figure class=\"aligncenter size-full\"><img loading=\"lazy\" decoding=\"async\" width=\"82\" height=\"70\" src=\"https:\/\/www.sslwrp.goleniow.net.pl\/wp-content\/uploads\/2022\/10\/znicz.gif\" alt=\"znicz\" class=\"wp-image-449\"\/><\/figure>\n<\/div><\/div>\n\n\n\n<div class=\"wp-block-column is-vertically-aligned-center is-layout-flow wp-block-column-is-layout-flow\"><div class=\"wp-block-image\">\n<figure class=\"aligncenter size-full\"><img loading=\"lazy\" decoding=\"async\" width=\"600\" height=\"646\" src=\"https:\/\/www.sslwrp.goleniow.net.pl\/wp-content\/uploads\/2022\/11\/tabliczkaJanKlu.jpg\" alt=\"\" class=\"wp-image-603\" srcset=\"https:\/\/www.sslwrp.goleniow.net.pl\/wp-content\/uploads\/2022\/11\/tabliczkaJanKlu.jpg 600w, https:\/\/www.sslwrp.goleniow.net.pl\/wp-content\/uploads\/2022\/11\/tabliczkaJanKlu-279x300.jpg 279w\" sizes=\"auto, (max-width: 600px) 100vw, 600px\" \/><\/figure>\n<\/div><\/div>\n<\/div>\n\n\n\n<figure class=\"wp-block-pullquote has-text-align-left\"><blockquote><p><strong><em>Pp\u0142k Janusz Klus s\u0142u\u017cb\u0119 wojskow\u0105 pe\u0142ni\u0142 od 04.01.1965 do 04.06.1991r. w jednostkach lotnictwa (CSL Modlin, 2PLM &#8222;Krak\u00f3w&#8221;) pocz\u0105wszy od stanowiska kierownika grupy do in\u017cyniera specjalno\u015bci uzbrojenia w 2 plm &#8222;Krak\u00f3w&#8221;.<br>By\u0142 jednym z inicjator\u00f3w powo\u0142ania oddzia\u0142u SSLW RP w Goleniowie i od pocz\u0105tku powstania Oddzia\u0142u, cz\u0142onkiem Zarz\u0105du Oddzia\u0142u.<\/em><\/strong><\/p><\/blockquote><\/figure>\n\n\n\n<div style=\"height:100px\" aria-hidden=\"true\" class=\"wp-block-spacer\"><\/div>\n\n\n\n<hr class=\"wp-block-separator has-alpha-channel-opacity\"\/>\n\n\n\n<div class=\"wp-block-columns are-vertically-aligned-center has-background is-layout-flex wp-container-core-columns-is-layout-9d6595d7 wp-block-columns-is-layout-flex\" style=\"background-color:#0000009c\">\n<div class=\"wp-block-column is-vertically-aligned-center is-layout-flow wp-block-column-is-layout-flow\">\n<figure class=\"wp-block-image size-full\"><img loading=\"lazy\" decoding=\"async\" width=\"337\" height=\"401\" src=\"https:\/\/www.sslwrp.goleniow.net.pl\/wp-content\/uploads\/2022\/12\/AMrocz.gif\" alt=\"\" class=\"wp-image-624\"\/><\/figure>\n<\/div>\n\n\n\n<div class=\"wp-block-column is-vertically-aligned-center is-layout-flow wp-block-column-is-layout-flow\"><div class=\"wp-block-image\">\n<figure class=\"aligncenter size-full\"><img loading=\"lazy\" decoding=\"async\" width=\"82\" height=\"70\" src=\"https:\/\/www.sslwrp.goleniow.net.pl\/wp-content\/uploads\/2022\/10\/znicz.gif\" alt=\"znicz\" class=\"wp-image-449\"\/><\/figure>\n<\/div><\/div>\n\n\n\n<div class=\"wp-block-column is-vertically-aligned-center is-layout-flow wp-block-column-is-layout-flow\"><div class=\"wp-block-image\">\n<figure class=\"aligncenter size-full\"><img loading=\"lazy\" decoding=\"async\" width=\"600\" height=\"646\" src=\"https:\/\/www.sslwrp.goleniow.net.pl\/wp-content\/uploads\/2022\/12\/AdamMrocz.jpg\" alt=\"\" class=\"wp-image-625\" srcset=\"https:\/\/www.sslwrp.goleniow.net.pl\/wp-content\/uploads\/2022\/12\/AdamMrocz.jpg 600w, https:\/\/www.sslwrp.goleniow.net.pl\/wp-content\/uploads\/2022\/12\/AdamMrocz-279x300.jpg 279w\" sizes=\"auto, (max-width: 600px) 100vw, 600px\" \/><\/figure>\n<\/div><\/div>\n<\/div>\n\n\n\n<div style=\"height:100px\" aria-hidden=\"true\" class=\"wp-block-spacer\"><\/div>\n\n\n\n<hr class=\"wp-block-separator has-alpha-channel-opacity\"\/>\n\n\n\n<div class=\"wp-block-columns has-background is-layout-flex wp-container-core-columns-is-layout-9d6595d7 wp-block-columns-is-layout-flex\" style=\"background-color:#0000009c\">\n<div class=\"wp-block-column is-vertically-aligned-center is-layout-flow wp-block-column-is-layout-flow\">\n<figure class=\"wp-block-image size-full\"><img loading=\"lazy\" decoding=\"async\" width=\"340\" height=\"466\" src=\"https:\/\/www.sslwrp.goleniow.net.pl\/wp-content\/uploads\/2022\/12\/HenCie.jpg\" alt=\"\" class=\"wp-image-629\" srcset=\"https:\/\/www.sslwrp.goleniow.net.pl\/wp-content\/uploads\/2022\/12\/HenCie.jpg 340w, https:\/\/www.sslwrp.goleniow.net.pl\/wp-content\/uploads\/2022\/12\/HenCie-219x300.jpg 219w\" sizes=\"auto, (max-width: 340px) 100vw, 340px\" \/><\/figure>\n<\/div>\n\n\n\n<div class=\"wp-block-column is-vertically-aligned-center is-layout-flow wp-block-column-is-layout-flow\"><div class=\"wp-block-image\">\n<figure class=\"aligncenter size-full\"><img loading=\"lazy\" decoding=\"async\" width=\"82\" height=\"70\" src=\"https:\/\/www.sslwrp.goleniow.net.pl\/wp-content\/uploads\/2022\/10\/znicz.gif\" alt=\"znicz\" class=\"wp-image-449\"\/><\/figure>\n<\/div><\/div>\n\n\n\n<div class=\"wp-block-column is-vertically-aligned-center is-layout-flow wp-block-column-is-layout-flow\"><div class=\"wp-block-image\">\n<figure class=\"aligncenter size-full\"><img loading=\"lazy\" decoding=\"async\" width=\"600\" height=\"646\" src=\"https:\/\/www.sslwrp.goleniow.net.pl\/wp-content\/uploads\/2022\/12\/HenCies.jpg\" alt=\"\" class=\"wp-image-628\" srcset=\"https:\/\/www.sslwrp.goleniow.net.pl\/wp-content\/uploads\/2022\/12\/HenCies.jpg 600w, https:\/\/www.sslwrp.goleniow.net.pl\/wp-content\/uploads\/2022\/12\/HenCies-279x300.jpg 279w\" sizes=\"auto, (max-width: 600px) 100vw, 600px\" \/><\/figure>\n<\/div><\/div>\n<\/div>\n\n\n\n<div style=\"height:100px\" aria-hidden=\"true\" class=\"wp-block-spacer\"><\/div>\n\n\n\n<hr class=\"wp-block-separator has-alpha-channel-opacity\"\/>\n\n\n\n<div class=\"wp-block-columns has-background is-layout-flex wp-container-core-columns-is-layout-9d6595d7 wp-block-columns-is-layout-flex\" style=\"background-color:#0000009c\">\n<div class=\"wp-block-column is-vertically-aligned-center is-layout-flow wp-block-column-is-layout-flow\"><div class=\"wp-block-image\">\n<figure class=\"aligncenter size-full\"><img loading=\"lazy\" decoding=\"async\" width=\"341\" height=\"466\" src=\"https:\/\/www.sslwrp.goleniow.net.pl\/wp-content\/uploads\/2022\/12\/wp.jpg\" alt=\"\" class=\"wp-image-642\" srcset=\"https:\/\/www.sslwrp.goleniow.net.pl\/wp-content\/uploads\/2022\/12\/wp.jpg 341w, https:\/\/www.sslwrp.goleniow.net.pl\/wp-content\/uploads\/2022\/12\/wp-220x300.jpg 220w\" sizes=\"auto, (max-width: 341px) 100vw, 341px\" \/><\/figure>\n<\/div><\/div>\n\n\n\n<div class=\"wp-block-column is-vertically-aligned-center is-layout-flow wp-block-column-is-layout-flow\"><div class=\"wp-block-image\">\n<figure class=\"aligncenter size-full\"><img loading=\"lazy\" decoding=\"async\" width=\"82\" height=\"70\" src=\"https:\/\/www.sslwrp.goleniow.net.pl\/wp-content\/uploads\/2022\/10\/znicz.gif\" alt=\"znicz\" class=\"wp-image-449\"\/><\/figure>\n<\/div><\/div>\n\n\n\n<div class=\"wp-block-column is-vertically-aligned-center is-layout-flow wp-block-column-is-layout-flow\"><div class=\"wp-block-image\">\n<figure class=\"aligncenter size-full\"><img loading=\"lazy\" decoding=\"async\" width=\"600\" height=\"646\" src=\"https:\/\/www.sslwrp.goleniow.net.pl\/wp-content\/uploads\/2022\/12\/wlpu.jpg\" alt=\"\" class=\"wp-image-641\" srcset=\"https:\/\/www.sslwrp.goleniow.net.pl\/wp-content\/uploads\/2022\/12\/wlpu.jpg 600w, https:\/\/www.sslwrp.goleniow.net.pl\/wp-content\/uploads\/2022\/12\/wlpu-279x300.jpg 279w\" sizes=\"auto, (max-width: 600px) 100vw, 600px\" \/><\/figure>\n<\/div><\/div>\n<\/div>\n\n\n\n<figure class=\"wp-block-pullquote has-text-align-left\"><blockquote><p><strong><em>P\u0142k W\u0142adys\u0142aw Puczko s\u0142u\u017cb\u0119 wojskow\u0105 pe\u0142ni\u0142 od 14.12.1953r. do 05.01.1991r. w jednostkach lotnictwa (Orneta, Malbork, \u015awidwin, Goleni\u00f3w) pocz\u0105wszy od stanowiska pilota do z-cy d-cy pu\u0142ku ds. szkolenia 2 plm &#8222;Krak\u00f3w&#8221;. By\u0142 jednym z g\u0142\u00f3wnych inicjator\u00f3w powo\u0142ania oddzia\u0142u SSLW RP w Goleniowie,  a od 12.01. 2007r. Prezesem naszego Oddzia\u0142u.<\/em><\/strong><\/p><\/blockquote><\/figure>\n\n\n\n<div style=\"height:100px\" aria-hidden=\"true\" class=\"wp-block-spacer\"><\/div>\n\n\n\n<hr class=\"wp-block-separator has-alpha-channel-opacity\"\/>\n\n\n\n<div class=\"wp-block-columns are-vertically-aligned-center has-background is-layout-flex wp-container-core-columns-is-layout-9d6595d7 wp-block-columns-is-layout-flex\" style=\"background-color:#0000009c\">\n<div class=\"wp-block-column is-vertically-aligned-center is-layout-flow wp-block-column-is-layout-flow\"><div class=\"wp-block-image\">\n<figure class=\"aligncenter size-full is-resized\"><img loading=\"lazy\" decoding=\"async\" width=\"341\" height=\"466\" src=\"https:\/\/www.sslwrp.goleniow.net.pl\/wp-content\/uploads\/2022\/12\/ws.jpg\" alt=\"\" class=\"wp-image-647\" style=\"width:228px;height:311px\" srcset=\"https:\/\/www.sslwrp.goleniow.net.pl\/wp-content\/uploads\/2022\/12\/ws.jpg 341w, https:\/\/www.sslwrp.goleniow.net.pl\/wp-content\/uploads\/2022\/12\/ws-220x300.jpg 220w\" sizes=\"auto, (max-width: 341px) 100vw, 341px\" \/><\/figure>\n<\/div><\/div>\n\n\n\n<div class=\"wp-block-column is-vertically-aligned-center is-layout-flow wp-block-column-is-layout-flow\"><div class=\"wp-block-image\">\n<figure class=\"aligncenter size-full\"><img loading=\"lazy\" decoding=\"async\" width=\"82\" height=\"70\" src=\"https:\/\/www.sslwrp.goleniow.net.pl\/wp-content\/uploads\/2022\/10\/znicz.gif\" alt=\"znicz\" class=\"wp-image-449\"\/><\/figure>\n<\/div><\/div>\n\n\n\n<div class=\"wp-block-column is-vertically-aligned-center is-layout-flow wp-block-column-is-layout-flow\"><div class=\"wp-block-image\">\n<figure class=\"aligncenter size-full\"><img loading=\"lazy\" decoding=\"async\" width=\"600\" height=\"646\" src=\"https:\/\/www.sslwrp.goleniow.net.pl\/wp-content\/uploads\/2022\/12\/ws1.jpg\" alt=\"\" class=\"wp-image-649\" srcset=\"https:\/\/www.sslwrp.goleniow.net.pl\/wp-content\/uploads\/2022\/12\/ws1.jpg 600w, https:\/\/www.sslwrp.goleniow.net.pl\/wp-content\/uploads\/2022\/12\/ws1-279x300.jpg 279w\" sizes=\"auto, (max-width: 600px) 100vw, 600px\" \/><\/figure>\n<\/div><\/div>\n<\/div>\n\n\n\n<figure class=\"wp-block-pullquote has-text-align-left\"><blockquote><p><strong><em>Wojciech SZAMBELAN rozpocz\u0105\u0142 s\u0142u\u017cb\u0119 wojskow\u0105 w 1963 r. wst\u0119puj\u0105c do Oficerskiej Szko\u0142y Radiotechnicznej im. Sylwestra Bartosika w Jeleniej G\u00f3rze. Szko\u0142\u0119 uko\u0144czy\u0142 trzy lata p\u00f3\u017aniej i 10.09.1966 r. promowany zosta\u0142 do stopnia podporucznika. Otrzyma\u0142 przydzia\u0142 do 11 DLM w \u015awidwinie, gdzie trafi\u0142 do dywizyjnej 19 kompanii radiotechnicznej &#8211; do podleg\u0142ego jej 604 radiolokacyjnego posterunku w Goleniowie (od maja 1968 r. 604 zautomatyzowanego centrum radiolokacyjnego rozpoznania i dowodzenia 19 batalionu radiotechnicznego). Przez ca\u0142y okres swojej s\u0142u\u017cby zawodowej zwi\u0105zany by\u0142 z garnizonem goleniowskim. W czerwcu 1992 r. zosta\u0142 zwolniony do rezerwy. Zajmowa\u0142 m. in. stanowiska dow\u00f3dcy obiektu WP-11 (aparatura APN), dow\u00f3dcy kompanii radiotechnicznej, szefa sztabu 26 batalionu \u0142\u0105czno\u015bci i UL, szefa sztabu 19 brt i dow\u00f3dcy tego batalionu.<\/em><\/strong><\/p><\/blockquote><\/figure>\n\n\n\n<div style=\"height:100px\" aria-hidden=\"true\" class=\"wp-block-spacer\"><\/div>\n\n\n\n<hr class=\"wp-block-separator has-alpha-channel-opacity\"\/>\n\n\n\n<div class=\"wp-block-columns is-layout-flex wp-container-core-columns-is-layout-9d6595d7 wp-block-columns-is-layout-flex\">\n<div class=\"wp-block-column is-vertically-aligned-center has-background is-layout-flow wp-block-column-is-layout-flow\" style=\"background-color:#0000009c\">\n<div class=\"wp-block-columns is-layout-flex wp-container-core-columns-is-layout-9d6595d7 wp-block-columns-is-layout-flex\">\n<div class=\"wp-block-column is-vertically-aligned-center is-layout-flow wp-block-column-is-layout-flow\"><div class=\"wp-block-image\">\n<figure class=\"aligncenter size-full\"><img loading=\"lazy\" decoding=\"async\" width=\"340\" height=\"466\" src=\"https:\/\/www.sslwrp.goleniow.net.pl\/wp-content\/uploads\/2022\/12\/jg1.jpg\" alt=\"\" class=\"wp-image-646\" srcset=\"https:\/\/www.sslwrp.goleniow.net.pl\/wp-content\/uploads\/2022\/12\/jg1.jpg 340w, https:\/\/www.sslwrp.goleniow.net.pl\/wp-content\/uploads\/2022\/12\/jg1-219x300.jpg 219w\" sizes=\"auto, (max-width: 340px) 100vw, 340px\" \/><\/figure>\n<\/div><\/div>\n\n\n\n<div class=\"wp-block-column is-vertically-aligned-center is-layout-flow wp-block-column-is-layout-flow\"><div class=\"wp-block-image\">\n<figure class=\"aligncenter size-full\"><img loading=\"lazy\" decoding=\"async\" width=\"82\" height=\"70\" src=\"https:\/\/www.sslwrp.goleniow.net.pl\/wp-content\/uploads\/2022\/10\/znicz.gif\" alt=\"znicz\" class=\"wp-image-449\"\/><\/figure>\n<\/div><\/div>\n\n\n\n<div class=\"wp-block-column is-vertically-aligned-center is-layout-flow wp-block-column-is-layout-flow\"><div class=\"wp-block-image\">\n<figure class=\"aligncenter size-full\"><img loading=\"lazy\" decoding=\"async\" width=\"600\" height=\"646\" src=\"https:\/\/www.sslwrp.goleniow.net.pl\/wp-content\/uploads\/2022\/12\/jg2.jpg\" alt=\"\" class=\"wp-image-648\" srcset=\"https:\/\/www.sslwrp.goleniow.net.pl\/wp-content\/uploads\/2022\/12\/jg2.jpg 600w, https:\/\/www.sslwrp.goleniow.net.pl\/wp-content\/uploads\/2022\/12\/jg2-279x300.jpg 279w\" sizes=\"auto, (max-width: 600px) 100vw, 600px\" \/><\/figure>\n<\/div><\/div>\n<\/div>\n<\/div>\n<\/div>\n\n\n\n<figure class=\"wp-block-pullquote has-text-align-left\"><blockquote><p><strong><em>Jerzy GRZEGOREK rozpocz\u0105\u0142 s\u0142u\u017cb\u0119 wojskow\u0105 w 1962 r. wst\u0119puj\u0105c do Oficerskiej Szko\u0142y Lotniczej im. Janka Krasickiego w D\u0119blinie. Szko\u0142\u0119 uko\u0144czy\u0142 trzy lata p\u00f3\u017aniej i 29.11.1965 r. promowany zosta\u0142 do stopnia podporucznika pilota. Otrzyma\u0142 przydzia\u0142 do 11 DLM w \u015awidwinie, gdzie trafi\u0142 do miejscowego 40 plm. W pu\u0142ku przeszkoli\u0142 si\u0119 na samoloty MiG-21. W marcu 1971 roku, podczas zamiany eskadr mi\u0119dzy pu\u0142kami w \u015awidwinie i Goleniowie, przeni\u00f3s\u0142 si\u0119 do Goleniowa do 2 plm &#8222;Krak\u00f3w&#8221;, w kt\u00f3rym s\u0142u\u017cy\u0142 a\u017c do zwolnienia do rezerwy w sierpniu 1989 r. Zajmowa\u0142 stanowiska od pilota do dow\u00f3dcy eskadry i starszego inspektora bezpiecze\u0144stwa lot\u00f3w pu\u0142ku.<\/em><\/strong><\/p><\/blockquote><\/figure>\n\n\n\n<hr class=\"wp-block-separator has-alpha-channel-opacity\"\/>\n\n\n<div class=\"wp-block-image\">\n<figure class=\"aligncenter size-full\"><img loading=\"lazy\" decoding=\"async\" width=\"458\" height=\"458\" src=\"https:\/\/www.sslwrp.goleniow.net.pl\/wp-content\/uploads\/2022\/12\/stroik-cmentarz.jpg\" alt=\"\" class=\"wp-image-627\" srcset=\"https:\/\/www.sslwrp.goleniow.net.pl\/wp-content\/uploads\/2022\/12\/stroik-cmentarz.jpg 458w, https:\/\/www.sslwrp.goleniow.net.pl\/wp-content\/uploads\/2022\/12\/stroik-cmentarz-300x300.jpg 300w, https:\/\/www.sslwrp.goleniow.net.pl\/wp-content\/uploads\/2022\/12\/stroik-cmentarz-150x150.jpg 150w\" sizes=\"auto, (max-width: 458px) 100vw, 458px\" \/><\/figure>\n<\/div>\n\n\n<p><\/p>\n\n\n\n<p class=\"has-text-align-center has-text-color has-large-font-size\" style=\"color:#0732e3\"><strong><em>Pozostan\u0105 w naszej pami\u0119ci !<\/em><\/strong><\/p>\n\n\n<div class=\"wp-block-image\">\n<figure class=\"aligncenter size-full\"><img loading=\"lazy\" decoding=\"async\" width=\"82\" height=\"70\" src=\"https:\/\/www.sslwrp.goleniow.net.pl\/wp-content\/uploads\/2022\/10\/znicz.gif\" alt=\"znicz\" class=\"wp-image-449\"\/><\/figure>\n<\/div>","protected":false},"excerpt":{"rendered":"<p>W tym miejscu wspominamy koleg\u00f3w,&#8211; cz\u0142onk\u00f3w naszego Oddzia\u0142u &#8211;kt\u00f3rzy odeszli na zawsze. By\u0142 pilotem wojskowym 1 klasy, legitymuj\u0105cy si\u0119 nalotem og\u00f3lnym 1700 godzin na r\u00f3\u017cnego<\/p>\n","protected":false},"author":1,"featured_media":0,"parent":0,"menu_order":0,"comment_status":"closed","ping_status":"closed","template":"","meta":{"footnotes":""},"class_list":["post-526","page","type-page","status-publish","hentry"],"_links":{"self":[{"href":"https:\/\/www.sslwrp.goleniow.net.pl\/index.php?rest_route=\/wp\/v2\/pages\/526","targetHints":{"allow":["GET"]}}],"collection":[{"href":"https:\/\/www.sslwrp.goleniow.net.pl\/index.php?rest_route=\/wp\/v2\/pages"}],"about":[{"href":"https:\/\/www.sslwrp.goleniow.net.pl\/index.php?rest_route=\/wp\/v2\/types\/page"}],"author":[{"embeddable":true,"href":"https:\/\/www.sslwrp.goleniow.net.pl\/index.php?rest_route=\/wp\/v2\/users\/1"}],"replies":[{"embeddable":true,"href":"https:\/\/www.sslwrp.goleniow.net.pl\/index.php?rest_route=%2Fwp%2Fv2%2Fcomments&post=526"}],"version-history":[{"count":60,"href":"https:\/\/www.sslwrp.goleniow.net.pl\/index.php?rest_route=\/wp\/v2\/pages\/526\/revisions"}],"predecessor-version":[{"id":1311,"href":"https:\/\/www.sslwrp.goleniow.net.pl\/index.php?rest_route=\/wp\/v2\/pages\/526\/revisions\/1311"}],"wp:attachment":[{"href":"https:\/\/www.sslwrp.goleniow.net.pl\/index.php?rest_route=%2Fwp%2Fv2%2Fmedia&parent=526"}],"curies":[{"name":"wp","href":"https:\/\/api.w.org\/{rel}","templated":true}]}}