{"id":1604,"date":"2024-09-04T19:37:21","date_gmt":"2024-09-04T19:37:21","guid":{"rendered":"https:\/\/www.sslwrp.goleniow.net.pl\/?page_id=1604"},"modified":"2025-03-17T20:59:30","modified_gmt":"2025-03-17T20:59:30","slug":"odszedl-roman-rycielski","status":"publish","type":"page","link":"https:\/\/www.sslwrp.goleniow.net.pl\/?page_id=1604","title":{"rendered":"Odszed\u0142 Roman Rycielski"},"content":{"rendered":"<div class=\"wp-block-image\">\n<figure class=\"aligncenter size-full is-resized\"><img loading=\"lazy\" decoding=\"async\" width=\"381\" height=\"573\" src=\"https:\/\/www.sslwrp.goleniow.net.pl\/wp-content\/uploads\/2024\/08\/Rycielski.jpg\" alt=\"\" class=\"wp-image-1586\" style=\"width:141px;height:auto\" srcset=\"https:\/\/www.sslwrp.goleniow.net.pl\/wp-content\/uploads\/2024\/08\/Rycielski.jpg 381w, https:\/\/www.sslwrp.goleniow.net.pl\/wp-content\/uploads\/2024\/08\/Rycielski-199x300.jpg 199w\" sizes=\"auto, (max-width: 381px) 100vw, 381px\" \/><\/figure>\n<\/div>\n\n\n<p class=\"has-medium-font-size\">W dniu \u015awi\u0119ta Lotnictwa Polskiego, 28 sierpnia 2024r., odszed\u0142 do Niebieskiej Eskadry \u015bp. p\u0142k dypl. pil. Roman Rycielski, by\u0142y dow\u00f3dca 2. pu\u0142ku lotnictwa my\u015bliwskiego \u201eKrak\u00f3w\u201d. Zas\u0142u\u017cony pilot wojskowy, legitymuj\u0105cy si\u0119 nalotem 3000 godzin na r\u00f3\u017cnych typach samolot\u00f3w, bez reszty oddany lotnictwu i s\u0142u\u017cbie dla Ojczyzny. Swoje lotnicze do\u015bwiadczenie i umiej\u0119tno\u015bci wykorzystywa\u0142 g\u0142\u00f3wnie do podnoszenia na wy\u017cszy poziom bezpiecze\u0144stwa latania. Za swoje zas\u0142ugi dla polskiego lotnictwa odznaczony by\u0142 m.in. Krzy\u017cem Kawalerskim Orderu Odrodzenia Polski i Z\u0142otym Krzy\u017cem Zas\u0142ugi.<br>Odszed\u0142 Cz\u0142owiek wielkiego serca i \u017cyczliwo\u015bci. Wspania\u0142y Dow\u00f3dca i Przyjaciel.<br>Odszed\u0142, ale na zawsze pozostanie w naszej pami\u0119ci. Niech spoczywa w spokoju.<\/p>\n\n\n\n<p class=\"has-medium-font-size\"><br><strong><em>Rodzinie \u015bp. p\u0142k. Romana Rycielskiego sk\u0142adamy wyrazy wsp\u00f3\u0142czucia.<br>Cze\u015b\u0107 Jego Pami\u0119ci!<\/em><\/strong><\/p>\n\n\n<div class=\"wp-block-image\">\n<figure class=\"aligncenter\"><img loading=\"lazy\" decoding=\"async\" width=\"82\" height=\"70\" src=\"https:\/\/www.sslwrp.goleniow.net.pl\/wp-content\/uploads\/2022\/10\/znicz.gif\" alt=\"znicz\" class=\"wp-image-449\"\/><\/figure>\n<\/div>\n\n\n<p class=\"has-small-font-size\"><em>Opracowa\u0142 Wies\u0142aw We\u0142nicki<\/em><\/p>\n\n\n<div class=\"wp-block-image\">\n<figure class=\"aligncenter\"><img loading=\"lazy\" decoding=\"async\" width=\"720\" height=\"506\" src=\"https:\/\/www.sslwrp.goleniow.net.pl\/wp-content\/uploads\/2024\/08\/KlepsydraRycielski.jpg\" alt=\"\" class=\"wp-image-1593\" srcset=\"https:\/\/www.sslwrp.goleniow.net.pl\/wp-content\/uploads\/2024\/08\/KlepsydraRycielski.jpg 720w, https:\/\/www.sslwrp.goleniow.net.pl\/wp-content\/uploads\/2024\/08\/KlepsydraRycielski-300x211.jpg 300w\" sizes=\"auto, (max-width: 720px) 100vw, 720px\" \/><\/figure>\n<\/div>","protected":false},"excerpt":{"rendered":"<p>W dniu \u015awi\u0119ta Lotnictwa Polskiego, 28 sierpnia 2024r., odszed\u0142 do Niebieskiej Eskadry \u015bp. p\u0142k dypl. pil. Roman Rycielski, by\u0142y dow\u00f3dca 2. pu\u0142ku lotnictwa my\u015bliwskiego \u201eKrak\u00f3w\u201d.<\/p>\n","protected":false},"author":1,"featured_media":0,"parent":0,"menu_order":0,"comment_status":"closed","ping_status":"closed","template":"","meta":{"footnotes":""},"class_list":["post-1604","page","type-page","status-publish","hentry"],"_links":{"self":[{"href":"https:\/\/www.sslwrp.goleniow.net.pl\/index.php?rest_route=\/wp\/v2\/pages\/1604","targetHints":{"allow":["GET"]}}],"collection":[{"href":"https:\/\/www.sslwrp.goleniow.net.pl\/index.php?rest_route=\/wp\/v2\/pages"}],"about":[{"href":"https:\/\/www.sslwrp.goleniow.net.pl\/index.php?rest_route=\/wp\/v2\/types\/page"}],"author":[{"embeddable":true,"href":"https:\/\/www.sslwrp.goleniow.net.pl\/index.php?rest_route=\/wp\/v2\/users\/1"}],"replies":[{"embeddable":true,"href":"https:\/\/www.sslwrp.goleniow.net.pl\/index.php?rest_route=%2Fwp%2Fv2%2Fcomments&post=1604"}],"version-history":[{"count":2,"href":"https:\/\/www.sslwrp.goleniow.net.pl\/index.php?rest_route=\/wp\/v2\/pages\/1604\/revisions"}],"predecessor-version":[{"id":1844,"href":"https:\/\/www.sslwrp.goleniow.net.pl\/index.php?rest_route=\/wp\/v2\/pages\/1604\/revisions\/1844"}],"wp:attachment":[{"href":"https:\/\/www.sslwrp.goleniow.net.pl\/index.php?rest_route=%2Fwp%2Fv2%2Fmedia&parent=1604"}],"curies":[{"name":"wp","href":"https:\/\/api.w.org\/{rel}","templated":true}]}}