{"id":1499,"date":"2024-07-09T19:42:15","date_gmt":"2024-07-09T19:42:15","guid":{"rendered":"https:\/\/www.sslwrp.goleniow.net.pl\/?page_id=1499"},"modified":"2024-07-09T20:38:09","modified_gmt":"2024-07-09T20:38:09","slug":"uroczyste-spotkanie-z-okazji-80-rocznicy-powstania-naszego-pulku","status":"publish","type":"page","link":"https:\/\/www.sslwrp.goleniow.net.pl\/?page_id=1499","title":{"rendered":"Uroczyste spotkanie z okazji\u00a0 80 rocznicy powstania naszego pu\u0142ku&#8230;"},"content":{"rendered":"\n<p class=\"has-vivid-cyan-blue-color has-text-color has-link-color has-medium-font-size wp-elements-7427b6c06b58a5e6df50870a544088f2\"><em>W sobot\u0119, 6. lipca 2024r., w sali Centrum Aktywno\u015bci Lokalnej w Goleniowie odby\u0142o si\u0119 uroczyste spotkanie z okazji 80. rocznicy powstania 2. Pu\u0142ku Nocnych Bombowc\u00f3w \u201eKrak\u00f3w\u201d, kt\u00f3rego tradycje kontynuowa\u0142 2. Pu\u0142k Lotnictwa My\u015bliwskiego \u201eKrak\u00f3w\u201d stacjonuj\u0105cy na lotnisku w Glewicach k\/Goleniowa w latach 1957-1994.<\/em><\/p>\n\n\n\n<p class=\"has-vivid-cyan-blue-color has-text-color has-link-color has-medium-font-size wp-elements-59bf0936dd7fd1aabc0fd91f74284e98\"><em>Spotkanie poprowadzi\u0142 Prezes Oddzia\u0142u Goleniowskiego SSLW RP, Kolega Zbigniew Skowro\u0144ski. Wraz z Koleg\u0105 Wies\u0142awem We\u0142nickim przywita\u0142 zaproszonych Go\u015bci z Burmistrzem Gminy Goleni\u00f3w Krzysztofem Sypieniem oraz Dow\u00f3dc\u0105 3. Batalionu Logistycznego Ziemi Goleniowskiej pp\u0142k. Paw\u0142em Zagulskim.<\/em><\/p>\n\n\n\n<p class=\"has-vivid-cyan-blue-color has-text-color has-link-color has-medium-font-size wp-elements-50357c041754f5db4ba2124dbfdc3eae\"><em>Na pocz\u0105tku spotkania tradycyjnie odegrano &#8222;Marsz Lotnik\u00f3w&#8221;. Nast\u0119pnie w ciekawy spos\u00f3b zosta\u0142a &nbsp;przedstawiona &nbsp;prezentacja historii powstania i dzia\u0142ania 2. Pu\u0142ku od chwili sformowania 1 kwietnia 1944 roku na lotnisku Grigoriewskoje, poprzez szkolenie i udzia\u0142 w dzia\u0142aniach bojowych w czasie II wojny \u015bwiatowej i p\u00f3\u017aniejsze powojenne losy jednostki przez Koleg\u0119 Jurka Ratajczaka zilustrowana &nbsp;przez Koleg\u0119 Radka Kacperskiego wy\u015bwietlanymi migawkami i fotografiami z przesz\u0142o\u015bci.<\/em><\/p>\n\n\n\n<p class=\"has-vivid-cyan-blue-color has-text-color has-link-color has-medium-font-size wp-elements-4bd2aa40782f390a2ef173fdad91a330\"><em>Prowadz\u0105cy spotkanie Kolega Zbigniew Skowro\u0144ski, w swoim wyst\u0105pieniu, nawi\u0105za\u0142 do konieczno\u015bci kszta\u0142towania, na tej w\u0142a\u015bnie bazie jak\u0105 jest zwi\u0105zek Ziemi Goleniowskiej z wojskowo\u015bci\u0105, postaw patriotycznych i propa\u0144stwowych, g\u0142\u00f3wnie w\u015br\u00f3d najm\u0142odszego pokolenia. Podkre\u015blali to r\u00f3wnie\u017c w swoich wyst\u0105pieniach zar\u00f3wno Burmistrz Krzysztof Sypie\u0144 jak r\u00f3wnie\u017c Dow\u00f3dca 3 blog pp\u0142k. Pawe\u0142 Zagulski. Dzi\u0119kuj\u0105c za zaproszenie przekazali na r\u0119ce Zbigniewa Skowro\u0144skiego i Wies\u0142awa We\u0142nickiego specjalne \u017cyczenia dla obu goleniowskich organizacji zrzeszaj\u0105cych by\u0142ych \u017co\u0142nierzy zawodowych.<\/em><\/p>\n\n\n\n<p class=\"has-vivid-cyan-blue-color has-text-color has-link-color has-medium-font-size wp-elements-2757fb262ebbb3c287583d3fdd360c1e\"><em>Kolejnym punktem uroczysto\u015bci by\u0142o wyr\u00f3\u017cnienie za aktywno\u015b\u0107 i prac\u0119 na rzecz Stowarzyszenia Senior\u00f3w Lotnictwa Wojskowego RP z okazji jego 35-lecia koleg\u00f3w: Zbigniewa Skowro\u0144skiego, Antoniego Borysa, Ryszarda Mazurkiewicza, Witolda Morawskiego Macieja Przychodzenia, Zygmunta D\u0105browskiego i Wies\u0142awa We\u0142nickiego.<\/em><\/p>\n\n\n\n<p class=\"has-vivid-cyan-blue-color has-text-color has-link-color has-medium-font-size wp-elements-092c7ab574cdce78c052f67b20f45498\"><em>Uroczy\u015bcie zosta\u0142 przyj\u0119ty do SSLW RP Kolega Leszek Szyma\u0144ski.<\/em><\/p>\n\n\n\n<p class=\"has-vivid-cyan-blue-color has-text-color has-link-color has-medium-font-size wp-elements-cc01296af9eede2f16802e77bfc0175d\"><em>Bardzo mi\u0142ym wydarzeniem, by\u0142o wr\u0119czenie przez Przewodnicz\u0105c\u0105 Gminnej Komisji Spraw Spo\u0142ecznych, Edukacji, Kultury i Sportu, pani\u0105 Anit\u0119 Jurewicz nominacji do Goleniowskiej Rady Senior\u00f3w dla: pani Marzenny Budek, pan\u00f3w: Boles\u0142awa Basiaka, Jana Kowalewskiego i Kazimierza Milewskiego<\/em>.<\/p>\n\n\n\n<p class=\"has-vivid-cyan-blue-color has-text-color has-link-color has-medium-font-size wp-elements-9ae2bd9ed5d6bb41015b90690729db1d\"><em>Za bardzo interesuj\u0105c\u0105 prezentacj\u0119 serdecznie dzi\u0119kujemy kolegom: Jurkowi Ratajczakowi i Radkowi Kacperskiemu.<\/em><\/p>\n\n\n\n<p class=\"has-vivid-cyan-blue-color has-text-color has-link-color has-medium-font-size wp-elements-03af84d2c7fc5e4a0626916d5b19f36e\"><em>Wszystkim przyby\u0142ym na spotkanie, organizatorzy sk\u0142adaj\u0105 serdeczne podzi\u0119kowania.<\/em><\/p>\n\n\n\n<p class=\"has-vivid-cyan-blue-color has-text-color has-link-color has-medium-font-size wp-elements-f5692e635aa29ae1baf610e19d188b4e\"><em>Spotkanie odby\u0142o si\u0119 w ramach projektu &#8222;Budowanie postaw patriotycznych w\u015br\u00f3d lokalnej spo\u0142eczno\u015bci&#8221;, kt\u00f3ry jest realizowany przez Goleniowskie Stowarzyszenie Kobiet z Problemem Onkologicznym \u201eEwa\u201d, Stowarzyszenie Senior\u00f3w Lotnictwa Wojskowego RP, Polskie Towarzystwo Walki z Kalectwem Ko\u0142o Terenowe w Goleniowie, Zwi\u0105zek \u017bo\u0142nierzy Wojska Polskiego Ko\u0142o nr 25 Goleni\u00f3w, Zwi\u0105zek Inwalid\u00f3w Wojennych Ko\u0142o w Goleniowie.<\/em><\/p>\n\n\n\n<p class=\"has-vivid-cyan-blue-color has-text-color has-link-color has-medium-font-size wp-elements-daed08c3a068074e6646491da7c23a17\"><em>Spotkanie zorganizowa\u0142 Oddzia\u0142 Goleniowski Stowarzyszenia Senior\u00f3w Lotnictwa Wojskowego RP oraz Ko\u0142o nr 25 Zwi\u0105zku \u017bo\u0142nierzy Wojska Polskiego.<\/em><\/p>\n\n\n\n<p class=\"has-small-font-size\"><em>Wies\u0142aw We\u0142nicki, Antoni Budzi\u0144ski<\/em><\/p>\n\n\n\n<div style=\"height:100px\" aria-hidden=\"true\" class=\"wp-block-spacer\"><\/div>\n\n\n\n<figure class=\"wp-block-gallery has-nested-images columns-4 is-cropped wp-block-gallery-1 is-layout-flex wp-block-gallery-is-layout-flex\">\n<figure class=\"wp-block-image size-large\"><a href=\"https:\/\/www.sslwrp.goleniow.net.pl\/wp-content\/uploads\/2024\/07\/rat.jpg\"><img loading=\"lazy\" decoding=\"async\" width=\"850\" height=\"638\" data-id=\"1515\" src=\"https:\/\/www.sslwrp.goleniow.net.pl\/wp-content\/uploads\/2024\/07\/rat.jpg\" alt=\"\" class=\"wp-image-1515\" srcset=\"https:\/\/www.sslwrp.goleniow.net.pl\/wp-content\/uploads\/2024\/07\/rat.jpg 850w, https:\/\/www.sslwrp.goleniow.net.pl\/wp-content\/uploads\/2024\/07\/rat-300x225.jpg 300w, https:\/\/www.sslwrp.goleniow.net.pl\/wp-content\/uploads\/2024\/07\/rat-768x576.jpg 768w\" sizes=\"auto, (max-width: 850px) 100vw, 850px\" \/><\/a><\/figure>\n\n\n\n<figure class=\"wp-block-image size-large\"><a href=\"https:\/\/www.sslwrp.goleniow.net.pl\/wp-content\/uploads\/2024\/07\/zaprGos.jpg\"><img loading=\"lazy\" decoding=\"async\" width=\"1024\" height=\"515\" data-id=\"1518\" src=\"https:\/\/www.sslwrp.goleniow.net.pl\/wp-content\/uploads\/2024\/07\/zaprGos-1024x515.jpg\" alt=\"\" class=\"wp-image-1518\" srcset=\"https:\/\/www.sslwrp.goleniow.net.pl\/wp-content\/uploads\/2024\/07\/zaprGos-1024x515.jpg 1024w, https:\/\/www.sslwrp.goleniow.net.pl\/wp-content\/uploads\/2024\/07\/zaprGos-300x151.jpg 300w, https:\/\/www.sslwrp.goleniow.net.pl\/wp-content\/uploads\/2024\/07\/zaprGos-768x386.jpg 768w, https:\/\/www.sslwrp.goleniow.net.pl\/wp-content\/uploads\/2024\/07\/zaprGos-1536x773.jpg 1536w, https:\/\/www.sslwrp.goleniow.net.pl\/wp-content\/uploads\/2024\/07\/zaprGos-1170x588.jpg 1170w, https:\/\/www.sslwrp.goleniow.net.pl\/wp-content\/uploads\/2024\/07\/zaprGos.jpg 2048w\" sizes=\"auto, (max-width: 1024px) 100vw, 1024px\" \/><\/a><\/figure>\n\n\n\n<figure class=\"wp-block-image size-large\"><a href=\"https:\/\/www.sslwrp.goleniow.net.pl\/wp-content\/uploads\/2024\/07\/gosc-1.jpg\"><img loading=\"lazy\" decoding=\"async\" width=\"850\" height=\"638\" data-id=\"1511\" src=\"https:\/\/www.sslwrp.goleniow.net.pl\/wp-content\/uploads\/2024\/07\/gosc-1.jpg\" alt=\"\" class=\"wp-image-1511\" srcset=\"https:\/\/www.sslwrp.goleniow.net.pl\/wp-content\/uploads\/2024\/07\/gosc-1.jpg 850w, https:\/\/www.sslwrp.goleniow.net.pl\/wp-content\/uploads\/2024\/07\/gosc-1-300x225.jpg 300w, https:\/\/www.sslwrp.goleniow.net.pl\/wp-content\/uploads\/2024\/07\/gosc-1-768x576.jpg 768w\" sizes=\"auto, (max-width: 850px) 100vw, 850px\" \/><\/a><\/figure>\n\n\n\n<figure class=\"wp-block-image size-large\"><a href=\"https:\/\/www.sslwrp.goleniow.net.pl\/wp-content\/uploads\/2024\/07\/zaprGos1-scaled.jpg\"><img loading=\"lazy\" decoding=\"async\" width=\"1024\" height=\"489\" data-id=\"1519\" src=\"https:\/\/www.sslwrp.goleniow.net.pl\/wp-content\/uploads\/2024\/07\/zaprGos1-1024x489.jpg\" alt=\"\" class=\"wp-image-1519\" srcset=\"https:\/\/www.sslwrp.goleniow.net.pl\/wp-content\/uploads\/2024\/07\/zaprGos1-1024x489.jpg 1024w, https:\/\/www.sslwrp.goleniow.net.pl\/wp-content\/uploads\/2024\/07\/zaprGos1-300x143.jpg 300w, https:\/\/www.sslwrp.goleniow.net.pl\/wp-content\/uploads\/2024\/07\/zaprGos1-768x366.jpg 768w, https:\/\/www.sslwrp.goleniow.net.pl\/wp-content\/uploads\/2024\/07\/zaprGos1-1536x733.jpg 1536w, https:\/\/www.sslwrp.goleniow.net.pl\/wp-content\/uploads\/2024\/07\/zaprGos1-2048x977.jpg 2048w, https:\/\/www.sslwrp.goleniow.net.pl\/wp-content\/uploads\/2024\/07\/zaprGos1-1170x558.jpg 1170w\" sizes=\"auto, (max-width: 1024px) 100vw, 1024px\" \/><\/a><\/figure>\n\n\n\n<figure class=\"wp-block-image size-large\"><a href=\"https:\/\/www.sslwrp.goleniow.net.pl\/wp-content\/uploads\/2024\/07\/bur.jpg\"><img loading=\"lazy\" decoding=\"async\" width=\"850\" height=\"638\" data-id=\"1508\" src=\"https:\/\/www.sslwrp.goleniow.net.pl\/wp-content\/uploads\/2024\/07\/bur.jpg\" alt=\"\" class=\"wp-image-1508\" srcset=\"https:\/\/www.sslwrp.goleniow.net.pl\/wp-content\/uploads\/2024\/07\/bur.jpg 850w, https:\/\/www.sslwrp.goleniow.net.pl\/wp-content\/uploads\/2024\/07\/bur-300x225.jpg 300w, https:\/\/www.sslwrp.goleniow.net.pl\/wp-content\/uploads\/2024\/07\/bur-768x576.jpg 768w\" sizes=\"auto, (max-width: 850px) 100vw, 850px\" \/><\/a><\/figure>\n\n\n\n<figure class=\"wp-block-image size-large\"><a href=\"https:\/\/www.sslwrp.goleniow.net.pl\/wp-content\/uploads\/2024\/07\/bur1.jpg\"><img loading=\"lazy\" decoding=\"async\" width=\"638\" height=\"850\" data-id=\"1509\" src=\"https:\/\/www.sslwrp.goleniow.net.pl\/wp-content\/uploads\/2024\/07\/bur1.jpg\" alt=\"\" class=\"wp-image-1509\" srcset=\"https:\/\/www.sslwrp.goleniow.net.pl\/wp-content\/uploads\/2024\/07\/bur1.jpg 638w, https:\/\/www.sslwrp.goleniow.net.pl\/wp-content\/uploads\/2024\/07\/bur1-225x300.jpg 225w\" sizes=\"auto, (max-width: 638px) 100vw, 638px\" \/><\/a><\/figure>\n\n\n\n<figure class=\"wp-block-image size-large\"><a href=\"https:\/\/www.sslwrp.goleniow.net.pl\/wp-content\/uploads\/2024\/07\/dca.jpg\"><img loading=\"lazy\" decoding=\"async\" width=\"638\" height=\"850\" data-id=\"1510\" src=\"https:\/\/www.sslwrp.goleniow.net.pl\/wp-content\/uploads\/2024\/07\/dca.jpg\" alt=\"\" class=\"wp-image-1510\" srcset=\"https:\/\/www.sslwrp.goleniow.net.pl\/wp-content\/uploads\/2024\/07\/dca.jpg 638w, https:\/\/www.sslwrp.goleniow.net.pl\/wp-content\/uploads\/2024\/07\/dca-225x300.jpg 225w\" sizes=\"auto, (max-width: 638px) 100vw, 638px\" \/><\/a><\/figure>\n\n\n\n<figure class=\"wp-block-image size-large\"><a href=\"https:\/\/www.sslwrp.goleniow.net.pl\/wp-content\/uploads\/2024\/07\/bordab.jpg\"><img loading=\"lazy\" decoding=\"async\" width=\"638\" height=\"850\" data-id=\"1507\" src=\"https:\/\/www.sslwrp.goleniow.net.pl\/wp-content\/uploads\/2024\/07\/bordab.jpg\" alt=\"\" class=\"wp-image-1507\" srcset=\"https:\/\/www.sslwrp.goleniow.net.pl\/wp-content\/uploads\/2024\/07\/bordab.jpg 638w, https:\/\/www.sslwrp.goleniow.net.pl\/wp-content\/uploads\/2024\/07\/bordab-225x300.jpg 225w\" sizes=\"auto, (max-width: 638px) 100vw, 638px\" \/><\/a><\/figure>\n\n\n\n<figure class=\"wp-block-image size-large\"><a href=\"https:\/\/www.sslwrp.goleniow.net.pl\/wp-content\/uploads\/2024\/07\/rm.jpg\"><img loading=\"lazy\" decoding=\"async\" width=\"638\" height=\"850\" data-id=\"1516\" src=\"https:\/\/www.sslwrp.goleniow.net.pl\/wp-content\/uploads\/2024\/07\/rm.jpg\" alt=\"\" class=\"wp-image-1516\" srcset=\"https:\/\/www.sslwrp.goleniow.net.pl\/wp-content\/uploads\/2024\/07\/rm.jpg 638w, https:\/\/www.sslwrp.goleniow.net.pl\/wp-content\/uploads\/2024\/07\/rm-225x300.jpg 225w\" sizes=\"auto, (max-width: 638px) 100vw, 638px\" \/><\/a><\/figure>\n\n\n\n<figure class=\"wp-block-image size-large\"><a href=\"https:\/\/www.sslwrp.goleniow.net.pl\/wp-content\/uploads\/2024\/07\/witmac.jpg\"><img loading=\"lazy\" decoding=\"async\" width=\"638\" height=\"850\" data-id=\"1517\" src=\"https:\/\/www.sslwrp.goleniow.net.pl\/wp-content\/uploads\/2024\/07\/witmac.jpg\" alt=\"\" class=\"wp-image-1517\" srcset=\"https:\/\/www.sslwrp.goleniow.net.pl\/wp-content\/uploads\/2024\/07\/witmac.jpg 638w, https:\/\/www.sslwrp.goleniow.net.pl\/wp-content\/uploads\/2024\/07\/witmac-225x300.jpg 225w\" sizes=\"auto, (max-width: 638px) 100vw, 638px\" \/><\/a><\/figure>\n\n\n\n<figure class=\"wp-block-image size-large\"><a href=\"https:\/\/www.sslwrp.goleniow.net.pl\/wp-content\/uploads\/2024\/07\/lesz1.jpg\"><img loading=\"lazy\" decoding=\"async\" width=\"638\" height=\"850\" data-id=\"1513\" src=\"https:\/\/www.sslwrp.goleniow.net.pl\/wp-content\/uploads\/2024\/07\/lesz1.jpg\" alt=\"\" class=\"wp-image-1513\" srcset=\"https:\/\/www.sslwrp.goleniow.net.pl\/wp-content\/uploads\/2024\/07\/lesz1.jpg 638w, https:\/\/www.sslwrp.goleniow.net.pl\/wp-content\/uploads\/2024\/07\/lesz1-225x300.jpg 225w\" sizes=\"auto, (max-width: 638px) 100vw, 638px\" \/><\/a><\/figure>\n\n\n\n<figure class=\"wp-block-image size-large\"><a href=\"https:\/\/www.sslwrp.goleniow.net.pl\/wp-content\/uploads\/2024\/07\/lesz.jpg\"><img loading=\"lazy\" decoding=\"async\" width=\"638\" height=\"850\" data-id=\"1512\" src=\"https:\/\/www.sslwrp.goleniow.net.pl\/wp-content\/uploads\/2024\/07\/lesz.jpg\" alt=\"\" class=\"wp-image-1512\" srcset=\"https:\/\/www.sslwrp.goleniow.net.pl\/wp-content\/uploads\/2024\/07\/lesz.jpg 638w, https:\/\/www.sslwrp.goleniow.net.pl\/wp-content\/uploads\/2024\/07\/lesz-225x300.jpg 225w\" sizes=\"auto, (max-width: 638px) 100vw, 638px\" \/><\/a><\/figure>\n\n\n\n<figure class=\"wp-block-image size-large\"><a href=\"https:\/\/www.sslwrp.goleniow.net.pl\/wp-content\/uploads\/2024\/07\/anjur.jpg\"><img loading=\"lazy\" decoding=\"async\" width=\"850\" height=\"638\" data-id=\"1506\" src=\"https:\/\/www.sslwrp.goleniow.net.pl\/wp-content\/uploads\/2024\/07\/anjur.jpg\" alt=\"\" class=\"wp-image-1506\" srcset=\"https:\/\/www.sslwrp.goleniow.net.pl\/wp-content\/uploads\/2024\/07\/anjur.jpg 850w, https:\/\/www.sslwrp.goleniow.net.pl\/wp-content\/uploads\/2024\/07\/anjur-300x225.jpg 300w, https:\/\/www.sslwrp.goleniow.net.pl\/wp-content\/uploads\/2024\/07\/anjur-768x576.jpg 768w\" sizes=\"auto, (max-width: 850px) 100vw, 850px\" \/><\/a><\/figure>\n\n\n\n<figure class=\"wp-block-image size-large\"><a href=\"https:\/\/www.sslwrp.goleniow.net.pl\/wp-content\/uploads\/2024\/07\/radasen.jpg\"><img loading=\"lazy\" decoding=\"async\" width=\"850\" height=\"638\" data-id=\"1514\" src=\"https:\/\/www.sslwrp.goleniow.net.pl\/wp-content\/uploads\/2024\/07\/radasen.jpg\" alt=\"\" class=\"wp-image-1514\" srcset=\"https:\/\/www.sslwrp.goleniow.net.pl\/wp-content\/uploads\/2024\/07\/radasen.jpg 850w, https:\/\/www.sslwrp.goleniow.net.pl\/wp-content\/uploads\/2024\/07\/radasen-300x225.jpg 300w, https:\/\/www.sslwrp.goleniow.net.pl\/wp-content\/uploads\/2024\/07\/radasen-768x576.jpg 768w\" sizes=\"auto, (max-width: 850px) 100vw, 850px\" \/><\/a><\/figure>\n<\/figure>\n\n\n\n<p class=\"has-small-font-size\"><em>FOTO Antoni Budzi\u0144ski, Wies\u0142aw We\u0142nicki<\/em><\/p>\n\n\n\n<div style=\"height:100px\" aria-hidden=\"true\" class=\"wp-block-spacer\"><\/div>\n","protected":false},"excerpt":{"rendered":"<p>W sobot\u0119, 6. lipca 2024r., w sali Centrum Aktywno\u015bci Lokalnej w Goleniowie odby\u0142o si\u0119 uroczyste spotkanie z okazji 80. rocznicy powstania 2. Pu\u0142ku Nocnych Bombowc\u00f3w<\/p>\n","protected":false},"author":1,"featured_media":0,"parent":0,"menu_order":0,"comment_status":"closed","ping_status":"closed","template":"","meta":{"footnotes":""},"class_list":["post-1499","page","type-page","status-publish","hentry"],"_links":{"self":[{"href":"https:\/\/www.sslwrp.goleniow.net.pl\/index.php?rest_route=\/wp\/v2\/pages\/1499","targetHints":{"allow":["GET"]}}],"collection":[{"href":"https:\/\/www.sslwrp.goleniow.net.pl\/index.php?rest_route=\/wp\/v2\/pages"}],"about":[{"href":"https:\/\/www.sslwrp.goleniow.net.pl\/index.php?rest_route=\/wp\/v2\/types\/page"}],"author":[{"embeddable":true,"href":"https:\/\/www.sslwrp.goleniow.net.pl\/index.php?rest_route=\/wp\/v2\/users\/1"}],"replies":[{"embeddable":true,"href":"https:\/\/www.sslwrp.goleniow.net.pl\/index.php?rest_route=%2Fwp%2Fv2%2Fcomments&post=1499"}],"version-history":[{"count":7,"href":"https:\/\/www.sslwrp.goleniow.net.pl\/index.php?rest_route=\/wp\/v2\/pages\/1499\/revisions"}],"predecessor-version":[{"id":1529,"href":"https:\/\/www.sslwrp.goleniow.net.pl\/index.php?rest_route=\/wp\/v2\/pages\/1499\/revisions\/1529"}],"wp:attachment":[{"href":"https:\/\/www.sslwrp.goleniow.net.pl\/index.php?rest_route=%2Fwp%2Fv2%2Fmedia&parent=1499"}],"curies":[{"name":"wp","href":"https:\/\/api.w.org\/{rel}","templated":true}]}}